{"id":6938,"date":"2024-12-23T15:30:56","date_gmt":"2024-12-23T14:30:56","guid":{"rendered":"https:\/\/suisse-fibromyalgie.ch\/?page_id=6938"},"modified":"2024-12-23T15:58:55","modified_gmt":"2024-12-23T14:58:55","slug":"brochure-asfm","status":"publish","type":"page","link":"https:\/\/suisse-fibromyalgie.ch\/fr\/brochure-asfm\/","title":{"rendered":"Brochure ASFM"},"content":{"rendered":"\t\t<div data-elementor-type=\"wp-post\" data-elementor-id=\"6938\" class=\"elementor elementor-6938\" data-elementor-post-type=\"page\">\n\t\t\t\t\t\t<section class=\"elementor-section elementor-top-section elementor-element elementor-element-74a6b0e elementor-section-boxed elementor-section-height-default elementor-section-height-default\" data-id=\"74a6b0e\" data-element_type=\"section\" data-e-type=\"section\">\n\t\t\t\t\t\t<div class=\"elementor-container elementor-column-gap-default\">\n\t\t\t\t\t<div class=\"elementor-column elementor-col-100 elementor-top-column elementor-element elementor-element-3215536\" data-id=\"3215536\" data-element_type=\"column\" data-e-type=\"column\">\n\t\t\t<div class=\"elementor-widget-wrap elementor-element-populated\">\n\t\t\t\t\t\t<div class=\"elementor-element elementor-element-ce4c9da elementor-widget elementor-widget-heading\" data-id=\"ce4c9da\" data-element_type=\"widget\" data-e-type=\"widget\" data-widget_type=\"heading.default\">\n\t\t\t\t<div class=\"elementor-widget-container\">\n\t\t\t\t\t<h2 class=\"elementor-heading-title elementor-size-default\">Fran\u00e7ais<\/h2>\t\t\t\t<\/div>\n\t\t\t\t<\/div>\n\t\t\t\t\t<\/div>\n\t\t<\/div>\n\t\t\t\t\t<\/div>\n\t\t<\/section>\n\t\t\t\t<section class=\"elementor-section elementor-top-section elementor-element elementor-element-d1f9a2f elementor-section-boxed elementor-section-height-default elementor-section-height-default\" data-id=\"d1f9a2f\" data-element_type=\"section\" data-e-type=\"section\">\n\t\t\t\t\t\t<div class=\"elementor-container elementor-column-gap-default\">\n\t\t\t\t\t<div class=\"elementor-column elementor-col-100 elementor-top-column elementor-element elementor-element-fa3ef9c\" data-id=\"fa3ef9c\" data-element_type=\"column\" data-e-type=\"column\">\n\t\t\t<div class=\"elementor-widget-wrap elementor-element-populated\">\n\t\t\t\t\t\t<div class=\"elementor-element elementor-element-3f600f5 elementor-widget elementor-widget-text-editor\" data-id=\"3f600f5\" data-element_type=\"widget\" data-e-type=\"widget\" data-widget_type=\"text-editor.default\">\n\t\t\t\t<div class=\"elementor-widget-container\">\n\t\t\t\t\t\t\t\t\t<p style=\"text-align: center;\">Cliquez sur le lien ci-dessous pour t\u00e9l\u00e9charger la brochure en PDF<\/p>\n<p style=\"text-align: center;\"><a href=\"https:\/\/suisse-fibromyalgie.ch\/wp-content\/uploads\/Brochure-en-francais.pdf\" target=\"_blank\" rel=\"noopener\">Brochure en fran\u00e7ais<\/a><\/p>\t\t\t\t\t\t\t\t<\/div>\n\t\t\t\t<\/div>\n\t\t\t\t\t<\/div>\n\t\t<\/div>\n\t\t\t\t\t<\/div>\n\t\t<\/section>\n\t\t\t\t<section class=\"elementor-section elementor-top-section elementor-element elementor-element-2c0bb8c elementor-section-boxed elementor-section-height-default elementor-section-height-default\" data-id=\"2c0bb8c\" data-element_type=\"section\" data-e-type=\"section\">\n\t\t\t\t\t\t<div class=\"elementor-container elementor-column-gap-default\">\n\t\t\t\t\t<div class=\"elementor-column elementor-col-50 elementor-top-column elementor-element elementor-element-19ae221\" data-id=\"19ae221\" data-element_type=\"column\" data-e-type=\"column\">\n\t\t\t<div class=\"elementor-widget-wrap elementor-element-populated\">\n\t\t\t\t\t\t<div class=\"elementor-element elementor-element-af3ce9f elementor-widget elementor-widget-image\" data-id=\"af3ce9f\" data-element_type=\"widget\" data-e-type=\"widget\" data-widget_type=\"image.default\">\n\t\t\t\t<div class=\"elementor-widget-container\">\n\t\t\t\t\t\t\t\t\t\t\t\t\t\t\t<img fetchpriority=\"high\" decoding=\"async\" width=\"800\" height=\"566\" src=\"https:\/\/suisse-fibromyalgie.ch\/wp-content\/uploads\/Brochurd-ASFM-version-2024-recto-en-francais-1024x724.jpg\" class=\"attachment-large size-large wp-image-6940\" alt=\"\" srcset=\"https:\/\/suisse-fibromyalgie.ch\/wp-content\/uploads\/Brochurd-ASFM-version-2024-recto-en-francais-1024x724.jpg 1024w, https:\/\/suisse-fibromyalgie.ch\/wp-content\/uploads\/Brochurd-ASFM-version-2024-recto-en-francais-300x212.jpg 300w, https:\/\/suisse-fibromyalgie.ch\/wp-content\/uploads\/Brochurd-ASFM-version-2024-recto-en-francais-768x543.jpg 768w, https:\/\/suisse-fibromyalgie.ch\/wp-content\/uploads\/Brochurd-ASFM-version-2024-recto-en-francais-1536x1086.jpg 1536w, https:\/\/suisse-fibromyalgie.ch\/wp-content\/uploads\/Brochurd-ASFM-version-2024-recto-en-francais-18x12.jpg 18w, https:\/\/suisse-fibromyalgie.ch\/wp-content\/uploads\/Brochurd-ASFM-version-2024-recto-en-francais.jpg 1755w\" sizes=\"(max-width: 800px) 100vw, 800px\" \/>\t\t\t\t\t\t\t\t\t\t\t\t\t\t\t<\/div>\n\t\t\t\t<\/div>\n\t\t\t\t\t<\/div>\n\t\t<\/div>\n\t\t\t\t<div class=\"elementor-column elementor-col-50 elementor-top-column elementor-element elementor-element-0080af1\" data-id=\"0080af1\" data-element_type=\"column\" data-e-type=\"column\">\n\t\t\t<div class=\"elementor-widget-wrap elementor-element-populated\">\n\t\t\t\t\t\t<div class=\"elementor-element elementor-element-2fd02ee elementor-widget elementor-widget-image\" data-id=\"2fd02ee\" data-element_type=\"widget\" data-e-type=\"widget\" data-widget_type=\"image.default\">\n\t\t\t\t<div class=\"elementor-widget-container\">\n\t\t\t\t\t\t\t\t\t\t\t\t\t\t\t<img decoding=\"async\" width=\"800\" height=\"566\" src=\"https:\/\/suisse-fibromyalgie.ch\/wp-content\/uploads\/Brochurd-ASFM-version-2024-verso-en-francais-1024x724.jpg\" class=\"attachment-large size-large wp-image-6942\" alt=\"\" srcset=\"https:\/\/suisse-fibromyalgie.ch\/wp-content\/uploads\/Brochurd-ASFM-version-2024-verso-en-francais-1024x724.jpg 1024w, https:\/\/suisse-fibromyalgie.ch\/wp-content\/uploads\/Brochurd-ASFM-version-2024-verso-en-francais-300x212.jpg 300w, https:\/\/suisse-fibromyalgie.ch\/wp-content\/uploads\/Brochurd-ASFM-version-2024-verso-en-francais-768x543.jpg 768w, https:\/\/suisse-fibromyalgie.ch\/wp-content\/uploads\/Brochurd-ASFM-version-2024-verso-en-francais-1536x1086.jpg 1536w, https:\/\/suisse-fibromyalgie.ch\/wp-content\/uploads\/Brochurd-ASFM-version-2024-verso-en-francais-18x12.jpg 18w, https:\/\/suisse-fibromyalgie.ch\/wp-content\/uploads\/Brochurd-ASFM-version-2024-verso-en-francais.jpg 1755w\" sizes=\"(max-width: 800px) 100vw, 800px\" \/>\t\t\t\t\t\t\t\t\t\t\t\t\t\t\t<\/div>\n\t\t\t\t<\/div>\n\t\t\t\t\t<\/div>\n\t\t<\/div>\n\t\t\t\t\t<\/div>\n\t\t<\/section>\n\t\t\t\t<section class=\"elementor-section elementor-top-section elementor-element elementor-element-e59e105 elementor-section-boxed elementor-section-height-default elementor-section-height-default\" data-id=\"e59e105\" data-element_type=\"section\" data-e-type=\"section\">\n\t\t\t\t\t\t<div class=\"elementor-container elementor-column-gap-default\">\n\t\t\t\t\t<div class=\"elementor-column elementor-col-100 elementor-top-column elementor-element elementor-element-682f824\" data-id=\"682f824\" data-element_type=\"column\" data-e-type=\"column\">\n\t\t\t<div class=\"elementor-widget-wrap elementor-element-populated\">\n\t\t\t\t\t\t<div class=\"elementor-element elementor-element-fc1015c elementor-widget-divider--view-line elementor-widget elementor-widget-divider\" data-id=\"fc1015c\" data-element_type=\"widget\" data-e-type=\"widget\" data-widget_type=\"divider.default\">\n\t\t\t\t<div class=\"elementor-widget-container\">\n\t\t\t\t\t\t\t<div class=\"elementor-divider\">\n\t\t\t<span class=\"elementor-divider-separator\">\n\t\t\t\t\t\t<\/span>\n\t\t<\/div>\n\t\t\t\t\t\t<\/div>\n\t\t\t\t<\/div>\n\t\t\t\t\t<\/div>\n\t\t<\/div>\n\t\t\t\t\t<\/div>\n\t\t<\/section>\n\t\t\t\t<section class=\"elementor-section elementor-top-section elementor-element elementor-element-742e5fa elementor-section-boxed elementor-section-height-default elementor-section-height-default\" data-id=\"742e5fa\" data-element_type=\"section\" data-e-type=\"section\">\n\t\t\t\t\t\t<div class=\"elementor-container elementor-column-gap-default\">\n\t\t\t\t\t<div class=\"elementor-column elementor-col-100 elementor-top-column elementor-element elementor-element-d7eba93\" data-id=\"d7eba93\" data-element_type=\"column\" data-e-type=\"column\">\n\t\t\t<div class=\"elementor-widget-wrap elementor-element-populated\">\n\t\t\t\t\t\t<div class=\"elementor-element elementor-element-a8387cc elementor-widget elementor-widget-heading\" data-id=\"a8387cc\" data-element_type=\"widget\" data-e-type=\"widget\" data-widget_type=\"heading.default\">\n\t\t\t\t<div class=\"elementor-widget-container\">\n\t\t\t\t\t<h2 class=\"elementor-heading-title elementor-size-default\">Allemand<\/h2>\t\t\t\t<\/div>\n\t\t\t\t<\/div>\n\t\t\t\t\t<\/div>\n\t\t<\/div>\n\t\t\t\t\t<\/div>\n\t\t<\/section>\n\t\t\t\t<section class=\"elementor-section elementor-top-section elementor-element elementor-element-8bd5437 elementor-section-boxed elementor-section-height-default elementor-section-height-default\" data-id=\"8bd5437\" data-element_type=\"section\" data-e-type=\"section\">\n\t\t\t\t\t\t<div class=\"elementor-container elementor-column-gap-default\">\n\t\t\t\t\t<div class=\"elementor-column elementor-col-100 elementor-top-column elementor-element elementor-element-c761fd6\" data-id=\"c761fd6\" data-element_type=\"column\" data-e-type=\"column\">\n\t\t\t<div class=\"elementor-widget-wrap elementor-element-populated\">\n\t\t\t\t\t\t<div class=\"elementor-element elementor-element-1523206 elementor-widget elementor-widget-text-editor\" data-id=\"1523206\" data-element_type=\"widget\" data-e-type=\"widget\" data-widget_type=\"text-editor.default\">\n\t\t\t\t<div class=\"elementor-widget-container\">\n\t\t\t\t\t\t\t\t\t<p style=\"text-align: center;\">Cliquez sur le lien ci-dessous pour t\u00e9l\u00e9charger la brochure en PDF<\/p>\n<p style=\"text-align: center;\"><a href=\"https:\/\/suisse-fibromyalgie.ch\/wp-content\/uploads\/Brochure-en-allemand.pdf\" target=\"_blank\" rel=\"noopener\">Brochure en allemand<\/a><\/p>\t\t\t\t\t\t\t\t<\/div>\n\t\t\t\t<\/div>\n\t\t\t\t\t<\/div>\n\t\t<\/div>\n\t\t\t\t\t<\/div>\n\t\t<\/section>\n\t\t\t\t<section class=\"elementor-section elementor-top-section elementor-element elementor-element-8145492 elementor-section-boxed elementor-section-height-default elementor-section-height-default\" data-id=\"8145492\" data-element_type=\"section\" data-e-type=\"section\">\n\t\t\t\t\t\t<div class=\"elementor-container elementor-column-gap-default\">\n\t\t\t\t\t<div class=\"elementor-column elementor-col-50 elementor-top-column elementor-element elementor-element-203942c\" data-id=\"203942c\" data-element_type=\"column\" data-e-type=\"column\">\n\t\t\t<div class=\"elementor-widget-wrap elementor-element-populated\">\n\t\t\t\t\t\t<div class=\"elementor-element elementor-element-e6534c1 elementor-widget elementor-widget-image\" data-id=\"e6534c1\" data-element_type=\"widget\" data-e-type=\"widget\" data-widget_type=\"image.default\">\n\t\t\t\t<div class=\"elementor-widget-container\">\n\t\t\t\t\t\t\t\t\t\t\t\t\t\t\t<img decoding=\"async\" width=\"800\" height=\"566\" src=\"https:\/\/suisse-fibromyalgie.ch\/wp-content\/uploads\/Brochurd-ASFM-version-2024-recto-en-allemand-1024x724.jpg\" class=\"attachment-large size-large wp-image-6943\" alt=\"\" srcset=\"https:\/\/suisse-fibromyalgie.ch\/wp-content\/uploads\/Brochurd-ASFM-version-2024-recto-en-allemand-1024x724.jpg 1024w, https:\/\/suisse-fibromyalgie.ch\/wp-content\/uploads\/Brochurd-ASFM-version-2024-recto-en-allemand-300x212.jpg 300w, https:\/\/suisse-fibromyalgie.ch\/wp-content\/uploads\/Brochurd-ASFM-version-2024-recto-en-allemand-768x543.jpg 768w, https:\/\/suisse-fibromyalgie.ch\/wp-content\/uploads\/Brochurd-ASFM-version-2024-recto-en-allemand-1536x1086.jpg 1536w, https:\/\/suisse-fibromyalgie.ch\/wp-content\/uploads\/Brochurd-ASFM-version-2024-recto-en-allemand-18x12.jpg 18w, https:\/\/suisse-fibromyalgie.ch\/wp-content\/uploads\/Brochurd-ASFM-version-2024-recto-en-allemand.jpg 1755w\" sizes=\"(max-width: 800px) 100vw, 800px\" \/>\t\t\t\t\t\t\t\t\t\t\t\t\t\t\t<\/div>\n\t\t\t\t<\/div>\n\t\t\t\t\t<\/div>\n\t\t<\/div>\n\t\t\t\t<div class=\"elementor-column elementor-col-50 elementor-top-column elementor-element elementor-element-9fec57d\" data-id=\"9fec57d\" data-element_type=\"column\" data-e-type=\"column\">\n\t\t\t<div class=\"elementor-widget-wrap elementor-element-populated\">\n\t\t\t\t\t\t<div class=\"elementor-element elementor-element-396220e elementor-widget elementor-widget-image\" data-id=\"396220e\" data-element_type=\"widget\" data-e-type=\"widget\" data-widget_type=\"image.default\">\n\t\t\t\t<div class=\"elementor-widget-container\">\n\t\t\t\t\t\t\t\t\t\t\t\t\t\t\t<img loading=\"lazy\" decoding=\"async\" width=\"800\" height=\"566\" src=\"https:\/\/suisse-fibromyalgie.ch\/wp-content\/uploads\/Brochurd-ASFM-version-2024-verso-en-allemand-1024x724.jpg\" class=\"attachment-large size-large wp-image-6945\" alt=\"\" srcset=\"https:\/\/suisse-fibromyalgie.ch\/wp-content\/uploads\/Brochurd-ASFM-version-2024-verso-en-allemand-1024x724.jpg 1024w, https:\/\/suisse-fibromyalgie.ch\/wp-content\/uploads\/Brochurd-ASFM-version-2024-verso-en-allemand-300x212.jpg 300w, https:\/\/suisse-fibromyalgie.ch\/wp-content\/uploads\/Brochurd-ASFM-version-2024-verso-en-allemand-768x543.jpg 768w, https:\/\/suisse-fibromyalgie.ch\/wp-content\/uploads\/Brochurd-ASFM-version-2024-verso-en-allemand-1536x1086.jpg 1536w, https:\/\/suisse-fibromyalgie.ch\/wp-content\/uploads\/Brochurd-ASFM-version-2024-verso-en-allemand-18x12.jpg 18w, https:\/\/suisse-fibromyalgie.ch\/wp-content\/uploads\/Brochurd-ASFM-version-2024-verso-en-allemand.jpg 1755w\" sizes=\"(max-width: 800px) 100vw, 800px\" \/>\t\t\t\t\t\t\t\t\t\t\t\t\t\t\t<\/div>\n\t\t\t\t<\/div>\n\t\t\t\t\t<\/div>\n\t\t<\/div>\n\t\t\t\t\t<\/div>\n\t\t<\/section>\n\t\t\t\t<section class=\"elementor-section elementor-top-section elementor-element elementor-element-8d30db6 elementor-section-boxed elementor-section-height-default elementor-section-height-default\" data-id=\"8d30db6\" data-element_type=\"section\" data-e-type=\"section\">\n\t\t\t\t\t\t<div class=\"elementor-container elementor-column-gap-default\">\n\t\t\t\t\t<div class=\"elementor-column elementor-col-100 elementor-top-column elementor-element elementor-element-3c0b73b\" data-id=\"3c0b73b\" data-element_type=\"column\" data-e-type=\"column\">\n\t\t\t<div class=\"elementor-widget-wrap elementor-element-populated\">\n\t\t\t\t\t\t<div class=\"elementor-element elementor-element-dd3ba8a elementor-widget-divider--view-line elementor-widget elementor-widget-divider\" data-id=\"dd3ba8a\" data-element_type=\"widget\" data-e-type=\"widget\" data-widget_type=\"divider.default\">\n\t\t\t\t<div class=\"elementor-widget-container\">\n\t\t\t\t\t\t\t<div class=\"elementor-divider\">\n\t\t\t<span class=\"elementor-divider-separator\">\n\t\t\t\t\t\t<\/span>\n\t\t<\/div>\n\t\t\t\t\t\t<\/div>\n\t\t\t\t<\/div>\n\t\t\t\t\t<\/div>\n\t\t<\/div>\n\t\t\t\t\t<\/div>\n\t\t<\/section>\n\t\t\t\t<section class=\"elementor-section elementor-top-section elementor-element elementor-element-7e24466 elementor-section-boxed elementor-section-height-default elementor-section-height-default\" data-id=\"7e24466\" data-element_type=\"section\" data-e-type=\"section\">\n\t\t\t\t\t\t<div class=\"elementor-container elementor-column-gap-default\">\n\t\t\t\t\t<div class=\"elementor-column elementor-col-100 elementor-top-column elementor-element elementor-element-4ee5168\" data-id=\"4ee5168\" data-element_type=\"column\" data-e-type=\"column\">\n\t\t\t<div class=\"elementor-widget-wrap elementor-element-populated\">\n\t\t\t\t\t\t<div class=\"elementor-element elementor-element-41989f6 elementor-widget elementor-widget-heading\" data-id=\"41989f6\" data-element_type=\"widget\" data-e-type=\"widget\" data-widget_type=\"heading.default\">\n\t\t\t\t<div class=\"elementor-widget-container\">\n\t\t\t\t\t<h2 class=\"elementor-heading-title elementor-size-default\">Italien<\/h2>\t\t\t\t<\/div>\n\t\t\t\t<\/div>\n\t\t\t\t\t<\/div>\n\t\t<\/div>\n\t\t\t\t\t<\/div>\n\t\t<\/section>\n\t\t\t\t<section class=\"elementor-section elementor-top-section elementor-element elementor-element-466d4b4 elementor-section-boxed elementor-section-height-default elementor-section-height-default\" data-id=\"466d4b4\" data-element_type=\"section\" data-e-type=\"section\">\n\t\t\t\t\t\t<div class=\"elementor-container elementor-column-gap-default\">\n\t\t\t\t\t<div class=\"elementor-column elementor-col-100 elementor-top-column elementor-element elementor-element-0284800\" data-id=\"0284800\" data-element_type=\"column\" data-e-type=\"column\">\n\t\t\t<div class=\"elementor-widget-wrap elementor-element-populated\">\n\t\t\t\t\t\t<div class=\"elementor-element elementor-element-f0d8757 elementor-widget elementor-widget-text-editor\" data-id=\"f0d8757\" data-element_type=\"widget\" data-e-type=\"widget\" data-widget_type=\"text-editor.default\">\n\t\t\t\t<div class=\"elementor-widget-container\">\n\t\t\t\t\t\t\t\t\t<p style=\"text-align: center;\">Cliquez sur le lien ci-dessous pour t\u00e9l\u00e9charger la brochure en PDF<\/p>\n<p style=\"text-align: center;\"><a href=\"https:\/\/suisse-fibromyalgie.ch\/wp-content\/uploads\/Brochure-en-italien.pdf\" target=\"_blank\" rel=\"noopener\">Brochure en italien<\/a><\/p>\t\t\t\t\t\t\t\t<\/div>\n\t\t\t\t<\/div>\n\t\t\t\t\t<\/div>\n\t\t<\/div>\n\t\t\t\t\t<\/div>\n\t\t<\/section>\n\t\t\t\t<section class=\"elementor-section elementor-top-section elementor-element elementor-element-17986e4 elementor-section-boxed elementor-section-height-default elementor-section-height-default\" data-id=\"17986e4\" data-element_type=\"section\" data-e-type=\"section\">\n\t\t\t\t\t\t<div class=\"elementor-container elementor-column-gap-default\">\n\t\t\t\t\t<div class=\"elementor-column elementor-col-50 elementor-top-column elementor-element elementor-element-67b5d65\" data-id=\"67b5d65\" data-element_type=\"column\" data-e-type=\"column\">\n\t\t\t<div class=\"elementor-widget-wrap elementor-element-populated\">\n\t\t\t\t\t\t<div class=\"elementor-element elementor-element-5feed8f elementor-widget elementor-widget-image\" data-id=\"5feed8f\" data-element_type=\"widget\" data-e-type=\"widget\" data-widget_type=\"image.default\">\n\t\t\t\t<div class=\"elementor-widget-container\">\n\t\t\t\t\t\t\t\t\t\t\t\t\t\t\t<img loading=\"lazy\" decoding=\"async\" width=\"800\" height=\"566\" src=\"https:\/\/suisse-fibromyalgie.ch\/wp-content\/uploads\/Brochurd-ASFM-version-2024-recto-en-italien-1024x724.jpg\" class=\"attachment-large size-large wp-image-6947\" alt=\"\" srcset=\"https:\/\/suisse-fibromyalgie.ch\/wp-content\/uploads\/Brochurd-ASFM-version-2024-recto-en-italien-1024x724.jpg 1024w, https:\/\/suisse-fibromyalgie.ch\/wp-content\/uploads\/Brochurd-ASFM-version-2024-recto-en-italien-300x212.jpg 300w, https:\/\/suisse-fibromyalgie.ch\/wp-content\/uploads\/Brochurd-ASFM-version-2024-recto-en-italien-768x543.jpg 768w, https:\/\/suisse-fibromyalgie.ch\/wp-content\/uploads\/Brochurd-ASFM-version-2024-recto-en-italien-1536x1086.jpg 1536w, https:\/\/suisse-fibromyalgie.ch\/wp-content\/uploads\/Brochurd-ASFM-version-2024-recto-en-italien-18x12.jpg 18w, https:\/\/suisse-fibromyalgie.ch\/wp-content\/uploads\/Brochurd-ASFM-version-2024-recto-en-italien.jpg 1755w\" sizes=\"(max-width: 800px) 100vw, 800px\" \/>\t\t\t\t\t\t\t\t\t\t\t\t\t\t\t<\/div>\n\t\t\t\t<\/div>\n\t\t\t\t\t<\/div>\n\t\t<\/div>\n\t\t\t\t<div class=\"elementor-column elementor-col-50 elementor-top-column elementor-element elementor-element-338cb69\" data-id=\"338cb69\" data-element_type=\"column\" data-e-type=\"column\">\n\t\t\t<div class=\"elementor-widget-wrap elementor-element-populated\">\n\t\t\t\t\t\t<div class=\"elementor-element elementor-element-f3796d2 elementor-widget elementor-widget-image\" data-id=\"f3796d2\" data-element_type=\"widget\" data-e-type=\"widget\" data-widget_type=\"image.default\">\n\t\t\t\t<div class=\"elementor-widget-container\">\n\t\t\t\t\t\t\t\t\t\t\t\t\t\t\t<img loading=\"lazy\" decoding=\"async\" width=\"800\" height=\"566\" src=\"https:\/\/suisse-fibromyalgie.ch\/wp-content\/uploads\/Brochurd-ASFM-version-2024-verso-en-italien-1024x724.jpg\" class=\"attachment-large size-large wp-image-6948\" alt=\"\" srcset=\"https:\/\/suisse-fibromyalgie.ch\/wp-content\/uploads\/Brochurd-ASFM-version-2024-verso-en-italien-1024x724.jpg 1024w, https:\/\/suisse-fibromyalgie.ch\/wp-content\/uploads\/Brochurd-ASFM-version-2024-verso-en-italien-300x212.jpg 300w, https:\/\/suisse-fibromyalgie.ch\/wp-content\/uploads\/Brochurd-ASFM-version-2024-verso-en-italien-768x543.jpg 768w, https:\/\/suisse-fibromyalgie.ch\/wp-content\/uploads\/Brochurd-ASFM-version-2024-verso-en-italien-1536x1086.jpg 1536w, https:\/\/suisse-fibromyalgie.ch\/wp-content\/uploads\/Brochurd-ASFM-version-2024-verso-en-italien-18x12.jpg 18w, https:\/\/suisse-fibromyalgie.ch\/wp-content\/uploads\/Brochurd-ASFM-version-2024-verso-en-italien.jpg 1755w\" sizes=\"(max-width: 800px) 100vw, 800px\" \/>\t\t\t\t\t\t\t\t\t\t\t\t\t\t\t<\/div>\n\t\t\t\t<\/div>\n\t\t\t\t\t<\/div>\n\t\t<\/div>\n\t\t\t\t\t<\/div>\n\t\t<\/section>\n\t\t\t\t<\/div>\n\t\t","protected":false},"excerpt":{"rendered":"<p>Fran\u00e7ais Cliquez sur le lien ci-dessous pour t\u00e9l\u00e9charger la brochure en PDF Brochure en fran\u00e7ais Allemand Cliquez sur le lien ci-dessous pour t\u00e9l\u00e9charger la brochure en PDF Brochure en allemand [&hellip;]<\/p>\n","protected":false},"author":1,"featured_media":0,"parent":0,"menu_order":0,"comment_status":"open","ping_status":"open","template":"","meta":{"footnotes":""},"class_list":["post-6938","page","type-page","status-publish","hentry"],"publishpress_future_action":{"enabled":false,"date":"2026-05-07 00:26:21","action":"change-status","newStatus":"draft","terms":[],"taxonomy":"","extraData":[]},"publishpress_future_workflow_manual_trigger":{"enabledWorkflows":[]},"_links":{"self":[{"href":"https:\/\/suisse-fibromyalgie.ch\/fr\/wp-json\/wp\/v2\/pages\/6938","targetHints":{"allow":["GET"]}}],"collection":[{"href":"https:\/\/suisse-fibromyalgie.ch\/fr\/wp-json\/wp\/v2\/pages"}],"about":[{"href":"https:\/\/suisse-fibromyalgie.ch\/fr\/wp-json\/wp\/v2\/types\/page"}],"author":[{"embeddable":true,"href":"https:\/\/suisse-fibromyalgie.ch\/fr\/wp-json\/wp\/v2\/users\/1"}],"replies":[{"embeddable":true,"href":"https:\/\/suisse-fibromyalgie.ch\/fr\/wp-json\/wp\/v2\/comments?post=6938"}],"version-history":[{"count":3,"href":"https:\/\/suisse-fibromyalgie.ch\/fr\/wp-json\/wp\/v2\/pages\/6938\/revisions"}],"predecessor-version":[{"id":6951,"href":"https:\/\/suisse-fibromyalgie.ch\/fr\/wp-json\/wp\/v2\/pages\/6938\/revisions\/6951"}],"wp:attachment":[{"href":"https:\/\/suisse-fibromyalgie.ch\/fr\/wp-json\/wp\/v2\/media?parent=6938"}],"curies":[{"name":"wp","href":"https:\/\/api.w.org\/{rel}","templated":true}]}}