{"id":5636,"date":"2024-06-20T09:58:49","date_gmt":"2024-06-20T07:58:49","guid":{"rendered":"https:\/\/suisse-fibromyalgie.ch\/?page_id=5636"},"modified":"2024-06-20T10:02:26","modified_gmt":"2024-06-20T08:02:26","slug":"notre-journee-de-la-fibromyalgie-du-25-mai-2024","status":"publish","type":"page","link":"https:\/\/suisse-fibromyalgie.ch\/fr\/notre-journee-de-la-fibromyalgie-du-25-mai-2024\/","title":{"rendered":"Notre journ\u00e9e de la fibromyalgie du 25 mai 2024"},"content":{"rendered":"\t\t<div data-elementor-type=\"wp-page\" data-elementor-id=\"5636\" class=\"elementor elementor-5636\" data-elementor-post-type=\"page\">\n\t\t\t\t\t\t<section class=\"elementor-section elementor-top-section elementor-element elementor-element-deae11b elementor-section-boxed elementor-section-height-default elementor-section-height-default\" data-id=\"deae11b\" data-element_type=\"section\" data-e-type=\"section\">\n\t\t\t\t\t\t<div class=\"elementor-container elementor-column-gap-default\">\n\t\t\t\t\t<div class=\"elementor-column elementor-col-100 elementor-top-column elementor-element elementor-element-b5d783b\" data-id=\"b5d783b\" data-element_type=\"column\" data-e-type=\"column\">\n\t\t\t<div class=\"elementor-widget-wrap elementor-element-populated\">\n\t\t\t\t\t\t<div class=\"elementor-element elementor-element-7253295 elementor-widget elementor-widget-heading\" data-id=\"7253295\" data-element_type=\"widget\" data-e-type=\"widget\" data-widget_type=\"heading.default\">\n\t\t\t\t<div class=\"elementor-widget-container\">\n\t\t\t\t\t<h2 class=\"elementor-heading-title elementor-size-default\">Cette conf\u00e9rence a \u00e9t\u00e9 donn\u00e9e par Madame Marion Boisseau \"Vice-pr\u00e9sidente de l'Asfascia\".\nLors de \"Notre journ\u00e9e de la fibromyalgie\" organis\u00e9e par  l\u2019Association Suisse des fibromyalgiques ASFM, qui a eu lieu le 25 mai 2024 au CHUV de Lausanne.<\/h2>\t\t\t\t<\/div>\n\t\t\t\t<\/div>\n\t\t\t\t\t<\/div>\n\t\t<\/div>\n\t\t\t\t\t<\/div>\n\t\t<\/section>\n\t\t\t\t<section class=\"elementor-section elementor-top-section elementor-element elementor-element-958e6ec elementor-section-boxed elementor-section-height-default elementor-section-height-default\" data-id=\"958e6ec\" data-element_type=\"section\" data-e-type=\"section\">\n\t\t\t\t\t\t<div class=\"elementor-container elementor-column-gap-default\">\n\t\t\t\t\t<div class=\"elementor-column elementor-col-100 elementor-top-column elementor-element elementor-element-afefd1e\" data-id=\"afefd1e\" data-element_type=\"column\" data-e-type=\"column\">\n\t\t\t<div class=\"elementor-widget-wrap elementor-element-populated\">\n\t\t\t\t\t\t<div class=\"elementor-element elementor-element-5f0ab28 elementor-widget elementor-widget-text-editor\" data-id=\"5f0ab28\" data-element_type=\"widget\" data-e-type=\"widget\" data-widget_type=\"text-editor.default\">\n\t\t\t\t<div class=\"elementor-widget-container\">\n\t\t\t\t\t\t\t\t\t<h5 style=\"text-align: center;\"><strong>Pour visionner la vid\u00e9o sur YouTube, cliquez sur le lien ci-dessous:<\/strong><\/h5><p style=\"text-align: center;\"><a href=\"https:\/\/www.youtube.com\/watch?v=UMfFzC7340s\" target=\"_blank\" rel=\"noopener\">La fasciath\u00e9rapie<\/a><\/p>\t\t\t\t\t\t\t\t<\/div>\n\t\t\t\t<\/div>\n\t\t\t\t\t<\/div>\n\t\t<\/div>\n\t\t\t\t\t<\/div>\n\t\t<\/section>\n\t\t\t\t<section class=\"elementor-section elementor-top-section elementor-element elementor-element-663a498 elementor-section-boxed elementor-section-height-default elementor-section-height-default\" data-id=\"663a498\" data-element_type=\"section\" data-e-type=\"section\">\n\t\t\t\t\t\t<div class=\"elementor-container elementor-column-gap-default\">\n\t\t\t\t\t<div class=\"elementor-column elementor-col-100 elementor-top-column elementor-element elementor-element-f9f8542\" data-id=\"f9f8542\" data-element_type=\"column\" data-e-type=\"column\">\n\t\t\t<div class=\"elementor-widget-wrap elementor-element-populated\">\n\t\t\t\t\t\t<div class=\"elementor-element elementor-element-fba40cc elementor-widget elementor-widget-text-editor\" data-id=\"fba40cc\" data-element_type=\"widget\" data-e-type=\"widget\" data-widget_type=\"text-editor.default\">\n\t\t\t\t<div class=\"elementor-widget-container\">\n\t\t\t\t\t\t\t\t\t<p style=\"text-align: center;\">Je tiens encore \u00e0 remercier tous les intervenants de cette magnifique journ\u00e9e qui a \u00e9t\u00e9 un franc succ\u00e8s pour tout le monde.<\/p><p style=\"text-align: center;\">Le matin, nous avons accueilli 56 participants aux diverses conf\u00e9rences et l\u2019apr\u00e8s-midi 40. Merci \u00e0 tous d\u2019\u00eatre venus.<\/p><p style=\"text-align: center;\">Cela nous va droit au c\u0153ur, et nous encourage \u00e0 continuer dans la nouvelle dynamique que l\u2019ASFM prend depuis le d\u00e9but de l&rsquo;ann\u00e9e 2024.<\/p><p style=\"text-align: center;\"><strong>MERCI \u00c0 TOUS D\u2019AVOIR FAIT DE CETTE JOURN\u00c9E UN MOMENT MAGIQUE\u00a0!<\/strong><\/p>\t\t\t\t\t\t\t\t<\/div>\n\t\t\t\t<\/div>\n\t\t\t\t\t<\/div>\n\t\t<\/div>\n\t\t\t\t\t<\/div>\n\t\t<\/section>\n\t\t\t\t<section class=\"elementor-section elementor-top-section elementor-element elementor-element-06ca7f3 elementor-section-boxed elementor-section-height-default elementor-section-height-default\" data-id=\"06ca7f3\" data-element_type=\"section\" data-e-type=\"section\">\n\t\t\t\t\t\t<div class=\"elementor-container elementor-column-gap-default\">\n\t\t\t\t\t<div class=\"elementor-column elementor-col-100 elementor-top-column elementor-element elementor-element-02f9031\" data-id=\"02f9031\" data-element_type=\"column\" data-e-type=\"column\">\n\t\t\t<div class=\"elementor-widget-wrap elementor-element-populated\">\n\t\t\t\t\t\t<div class=\"elementor-element elementor-element-4d6e31e elementor-widget elementor-widget-spacer\" data-id=\"4d6e31e\" data-element_type=\"widget\" data-e-type=\"widget\" data-widget_type=\"spacer.default\">\n\t\t\t\t<div class=\"elementor-widget-container\">\n\t\t\t\t\t\t\t<div class=\"elementor-spacer\">\n\t\t\t<div class=\"elementor-spacer-inner\"><\/div>\n\t\t<\/div>\n\t\t\t\t\t\t<\/div>\n\t\t\t\t<\/div>\n\t\t\t\t\t<\/div>\n\t\t<\/div>\n\t\t\t\t\t<\/div>\n\t\t<\/section>\n\t\t\t\t<section class=\"elementor-section elementor-top-section elementor-element elementor-element-c6b9ed6 elementor-section-boxed elementor-section-height-default elementor-section-height-default\" data-id=\"c6b9ed6\" data-element_type=\"section\" data-e-type=\"section\">\n\t\t\t\t\t\t<div class=\"elementor-container elementor-column-gap-default\">\n\t\t\t\t\t<div class=\"elementor-column elementor-col-50 elementor-top-column elementor-element elementor-element-86f451c\" data-id=\"86f451c\" data-element_type=\"column\" data-e-type=\"column\">\n\t\t\t<div class=\"elementor-widget-wrap elementor-element-populated\">\n\t\t\t\t\t\t<div class=\"elementor-element elementor-element-ac568ad elementor-widget elementor-widget-text-editor\" data-id=\"ac568ad\" data-element_type=\"widget\" data-e-type=\"widget\" data-widget_type=\"text-editor.default\">\n\t\t\t\t<div class=\"elementor-widget-container\">\n\t\t\t\t\t\t\t\t\t<p><a class=\"site-title site-logo-text\" href=\"https:\/\/methode-fasciatherapie.com\/\" rel=\"home\">methode-fasciatherapie \u00a0<img decoding=\"async\" class=\"emoji\" role=\"img\" draggable=\"false\" src=\"https:\/\/s.w.org\/images\/core\/emoji\/15.0.3\/svg\/1f1e8-1f1ed.svg\" alt=\"\ud83c\udde8\ud83c\udded\" \/><\/a><\/p><p>Associations des fasciath\u00e9rapeutes<\/p><p>\u00a0<\/p>\t\t\t\t\t\t\t\t<\/div>\n\t\t\t\t<\/div>\n\t\t\t\t\t<\/div>\n\t\t<\/div>\n\t\t\t\t<div class=\"elementor-column elementor-col-50 elementor-top-column elementor-element elementor-element-27a4c8f\" data-id=\"27a4c8f\" data-element_type=\"column\" data-e-type=\"column\">\n\t\t\t<div class=\"elementor-widget-wrap elementor-element-populated\">\n\t\t\t\t\t\t<div class=\"elementor-element elementor-element-4d97af6 elementor-widget elementor-widget-text-editor\" data-id=\"4d97af6\" data-element_type=\"widget\" data-e-type=\"widget\" data-widget_type=\"text-editor.default\">\n\t\t\t\t<div class=\"elementor-widget-container\">\n\t\t\t\t\t\t\t\t\t<p><a href=\"https:\/\/methode-fasciatherapie.com\" target=\"_blank\" rel=\"noopener\">methode-fasciatherapie<\/a><\/p><p><a href=\"https:\/\/asfascia.ch\/\" target=\"_blank\" rel=\"noopener\">Asfascia.ch<\/a><\/p>\t\t\t\t\t\t\t\t<\/div>\n\t\t\t\t<\/div>\n\t\t\t\t\t<\/div>\n\t\t<\/div>\n\t\t\t\t\t<\/div>\n\t\t<\/section>\n\t\t\t\t<\/div>\n\t\t","protected":false},"excerpt":{"rendered":"<p>Cette conf\u00e9rence a \u00e9t\u00e9 donn\u00e9e par Madame Marion Boisseau \u00ab\u00a0Vice-pr\u00e9sidente de l&rsquo;Asfascia\u00a0\u00bb. Lors de \u00ab\u00a0Notre journ\u00e9e de la fibromyalgie\u00a0\u00bb organis\u00e9e par l\u2019Association Suisse des fibromyalgiques ASFM, qui a eu lieu [&hellip;]<\/p>\n","protected":false},"author":1,"featured_media":0,"parent":0,"menu_order":0,"comment_status":"closed","ping_status":"closed","template":"","meta":{"footnotes":""},"class_list":["post-5636","page","type-page","status-publish","hentry"],"publishpress_future_action":{"enabled":false,"date":"2026-05-09 14:33:01","action":"change-status","newStatus":"draft","terms":[],"taxonomy":"","extraData":[]},"publishpress_future_workflow_manual_trigger":{"enabledWorkflows":[]},"_links":{"self":[{"href":"https:\/\/suisse-fibromyalgie.ch\/fr\/wp-json\/wp\/v2\/pages\/5636","targetHints":{"allow":["GET"]}}],"collection":[{"href":"https:\/\/suisse-fibromyalgie.ch\/fr\/wp-json\/wp\/v2\/pages"}],"about":[{"href":"https:\/\/suisse-fibromyalgie.ch\/fr\/wp-json\/wp\/v2\/types\/page"}],"author":[{"embeddable":true,"href":"https:\/\/suisse-fibromyalgie.ch\/fr\/wp-json\/wp\/v2\/users\/1"}],"replies":[{"embeddable":true,"href":"https:\/\/suisse-fibromyalgie.ch\/fr\/wp-json\/wp\/v2\/comments?post=5636"}],"version-history":[{"count":0,"href":"https:\/\/suisse-fibromyalgie.ch\/fr\/wp-json\/wp\/v2\/pages\/5636\/revisions"}],"wp:attachment":[{"href":"https:\/\/suisse-fibromyalgie.ch\/fr\/wp-json\/wp\/v2\/media?parent=5636"}],"curies":[{"name":"wp","href":"https:\/\/api.w.org\/{rel}","templated":true}]}}