{"id":8922,"date":"2025-12-01T17:28:55","date_gmt":"2025-12-01T16:28:55","guid":{"rendered":"https:\/\/suisse-fibromyalgie.ch\/?page_id=8922"},"modified":"2025-12-01T18:14:50","modified_gmt":"2025-12-01T17:14:50","slug":"responsable-de-groupe-d-entraide","status":"publish","type":"page","link":"https:\/\/suisse-fibromyalgie.ch\/de\/responsable-de-groupe-d-entraide\/","title":{"rendered":"Leiter einer Selbsthilfegruppe"},"content":{"rendered":"<div data-elementor-type=\"wp-page\" data-elementor-id=\"8922\" class=\"elementor elementor-8922\" data-elementor-post-type=\"page\">\n\t\t\t\t\t\t<section class=\"elementor-section elementor-top-section elementor-element elementor-element-ecac868 elementor-section-boxed elementor-section-height-default elementor-section-height-default\" data-id=\"ecac868\" data-element_type=\"section\" data-e-type=\"section\">\n\t\t\t\t\t\t<div class=\"elementor-container elementor-column-gap-default\">\n\t\t\t\t\t<div class=\"elementor-column elementor-col-100 elementor-top-column elementor-element elementor-element-f8f4559\" data-id=\"f8f4559\" data-element_type=\"column\" data-e-type=\"column\">\n\t\t\t<div class=\"elementor-widget-wrap elementor-element-populated\">\n\t\t\t\t\t\t<div class=\"elementor-element elementor-element-deab1bc elementor-widget elementor-widget-text-editor\" data-id=\"deab1bc\" data-element_type=\"widget\" data-e-type=\"widget\" data-widget_type=\"text-editor.default\">\n\t\t\t\t<div class=\"elementor-widget-container\">\n\t\t\t\t\t\t\t\t\t<h3>Aufgaben:<\/h3><ul><li>Die monatlichen Treffen moderieren<\/li><li>Gruppenverwaltung<\/li><\/ul><h3>\u00a0<\/h3><h3>Erforderliche Kompetenzen:<\/h3><ul><li>Wohlwollen und Empathie<\/li><li>Wahrung der Vertraulichkeit<\/li><\/ul><h3>\u00a0<\/h3><h3>Begleitung:<\/h3><ul><li>Unterst\u00fctzung durch den Koordinator der Selbsthilfegruppen<\/li><li>Hilfe bei der Gr\u00fcndung einer neuen Gruppe<\/li><\/ul><h3>\u00a0<\/h3><h3>Gesuchte Regionen:<\/h3><ul><li>Echallens<\/li><li>Vevey \u2013 Riviera<\/li><li>Vallorbe<\/li><li>La Broy<\/li><li>Moudon<\/li><li>Die Freiberge<\/li><\/ul><h3>\u00a0<\/h3><h3>Was Ihnen die ASFM bietet:<\/h3><ul><li>Der angebotene Jahresbeitrag<\/li><li>Der Mitgliedspreis f\u00fcr Aktivit\u00e4ten<\/li><li>Ein j\u00e4hrlicher Freiwilligentag<\/li><li>Begleitung w\u00e4hrend Ihres gesamten Werdegangs<\/li><\/ul><h3>\u00a0<\/h3><h3>Was Ihnen die Freiwilligenarbeit bringt:<\/h3><ul><li>Erwerb und Ausbau von Kompetenzen<\/li><li>Bessere Besch\u00e4ftigungsf\u00e4higkeit<\/li><li>Kognitive Stimulation<\/li><li>Selbstwertgef\u00fchl und Selbstvertrauen<\/li><li>Stressabbau<\/li><li>Verbesserung der Gesundheit<\/li><li>St\u00e4rkung sozialer Bindungen<\/li><li>Soziale Integration<\/li><\/ul><p>\u00a0<\/p>\t\t\t\t\t\t\t\t<\/div>\n\t\t\t\t<\/div>\n\t\t\t\t\t<\/div>\n\t\t<\/div>\n\t\t\t\t\t<\/div>\n\t\t<\/section>\n\t\t\t\t<section class=\"elementor-section elementor-top-section elementor-element elementor-element-7db217f elementor-section-boxed elementor-section-height-default elementor-section-height-default\" data-id=\"7db217f\" data-element_type=\"section\" data-e-type=\"section\">\n\t\t\t\t\t\t<div class=\"elementor-container elementor-column-gap-default\">\n\t\t\t\t\t<div class=\"elementor-column elementor-col-100 elementor-top-column elementor-element elementor-element-2ca5fd1\" data-id=\"2ca5fd1\" data-element_type=\"column\" data-e-type=\"column\">\n\t\t\t<div class=\"elementor-widget-wrap elementor-element-populated\">\n\t\t\t\t\t\t<div class=\"elementor-element elementor-element-d3eae4d elementor-widget elementor-widget-text-editor\" data-id=\"d3eae4d\" data-element_type=\"widget\" data-e-type=\"widget\" data-widget_type=\"text-editor.default\">\n\t\t\t\t<div class=\"elementor-widget-container\">\n\t\t\t\t\t\t\t\t\t<h4>Bei Fragen oder Interesse k\u00f6nnen Sie den Pr\u00e4sidenten, Herrn Philippe Sch\u00fcpbach, kontaktieren<\/h4><p><strong>Telefon:<\/strong> 076 322 33 16<\/p><p><strong>E-Mail:<\/strong> <a href=\"mailto:philippe.schupbach@suisse-fibromyalgie.ch\" target=\"_blank\" rel=\"noopener\">philippe.schupbach@suisse-fibromyalgie.ch<\/a><\/p>\t\t\t\t\t\t\t\t<\/div>\n\t\t\t\t<\/div>\n\t\t\t\t\t<\/div>\n\t\t<\/div>\n\t\t\t\t\t<\/div>\n\t\t<\/section>\n\t\t\t\t<\/div>","protected":false},"excerpt":{"rendered":"<p>- Allgemeine B\u00fcroarbeit und PV-Aufnahme<br \/>\n- Beherrschung von Computerwerkzeugen<br \/>\n- Organisationstalent<br \/>\n- Teilnahme an der GV zur Aufnahme von PVs<br \/>\n- Autonomie<br \/>\n- Zweisprachig Deutsch\/Franz\u00f6sisch (erw\u00fcnscht)<\/p>","protected":false},"author":1,"featured_media":0,"parent":0,"menu_order":0,"comment_status":"closed","ping_status":"closed","template":"","meta":{"footnotes":""},"class_list":["post-8922","page","type-page","status-publish","hentry"],"publishpress_future_action":{"enabled":false,"date":"2026-05-09 10:47:32","action":"change-status","newStatus":"draft","terms":[],"taxonomy":"","extraData":[]},"publishpress_future_workflow_manual_trigger":{"enabledWorkflows":[]},"_links":{"self":[{"href":"https:\/\/suisse-fibromyalgie.ch\/de\/wp-json\/wp\/v2\/pages\/8922","targetHints":{"allow":["GET"]}}],"collection":[{"href":"https:\/\/suisse-fibromyalgie.ch\/de\/wp-json\/wp\/v2\/pages"}],"about":[{"href":"https:\/\/suisse-fibromyalgie.ch\/de\/wp-json\/wp\/v2\/types\/page"}],"author":[{"embeddable":true,"href":"https:\/\/suisse-fibromyalgie.ch\/de\/wp-json\/wp\/v2\/users\/1"}],"replies":[{"embeddable":true,"href":"https:\/\/suisse-fibromyalgie.ch\/de\/wp-json\/wp\/v2\/comments?post=8922"}],"version-history":[{"count":9,"href":"https:\/\/suisse-fibromyalgie.ch\/de\/wp-json\/wp\/v2\/pages\/8922\/revisions"}],"predecessor-version":[{"id":8947,"href":"https:\/\/suisse-fibromyalgie.ch\/de\/wp-json\/wp\/v2\/pages\/8922\/revisions\/8947"}],"wp:attachment":[{"href":"https:\/\/suisse-fibromyalgie.ch\/de\/wp-json\/wp\/v2\/media?parent=8922"}],"curies":[{"name":"wp","href":"https:\/\/api.w.org\/{rel}","templated":true}]}}