{"id":85,"date":"2021-01-01T00:00:39","date_gmt":"2020-12-31T23:00:39","guid":{"rendered":"https:\/\/suisse-fibromyalgie.ch\/?page_id=85"},"modified":"2024-10-14T10:14:40","modified_gmt":"2024-10-14T08:14:40","slug":"presentation","status":"publish","type":"page","link":"https:\/\/suisse-fibromyalgie.ch\/de\/presentation\/","title":{"rendered":"\u00dcbersicht"},"content":{"rendered":"<div data-elementor-type=\"wp-page\" data-elementor-id=\"85\" class=\"elementor elementor-85\" data-elementor-post-type=\"page\">\n\t\t\t\t\t\t<section class=\"elementor-section elementor-top-section elementor-element elementor-element-2a0b6c7 elementor-section-boxed elementor-section-height-default elementor-section-height-default\" data-id=\"2a0b6c7\" data-element_type=\"section\" data-e-type=\"section\">\n\t\t\t\t\t\t<div class=\"elementor-container elementor-column-gap-default\">\n\t\t\t\t\t<div class=\"elementor-column elementor-col-100 elementor-top-column elementor-element elementor-element-014a4a2\" data-id=\"014a4a2\" data-element_type=\"column\" data-e-type=\"column\">\n\t\t\t<div class=\"elementor-widget-wrap elementor-element-populated\">\n\t\t\t\t\t\t<div class=\"elementor-element elementor-element-1c127a6 elementor-widget elementor-widget-text-editor\" data-id=\"1c127a6\" data-element_type=\"widget\" data-e-type=\"widget\" data-widget_type=\"text-editor.default\">\n\t\t\t\t<div class=\"elementor-widget-container\">\n\t\t\t\t\t\t\t\t\t<p>Die Schweizerische Fibromyalgie-Vereinigung (SFMV) wurde im Februar 1997 auf Initiative von Fibromyalgie-Betroffenen gegr\u00fcndet, die \u00fcber die Verschlechterung ihrer Gesundheit und die Unkenntnis des Syndroms besorgt waren. Ihr Hauptziel ist es, die Fibromyalgie bekannt zu machen und somit anzuerkennen sowie ihre Mitglieder in der \u00d6ffentlichkeit sowie bei offiziellen Stellen im medizinischen, pharmazeutischen, sozialen und politischen Bereich zu vertreten und zu unterst\u00fctzen. Sie hat ihren Verwaltungssitz in Champagne und ist seit 1999 Mitglied der Rheumaliga Schweiz (RLS).<\/p><p>Durch verschiedene Aktionen, Aktivit\u00e4ten, Konferenzen, Seminare, den Welttag, Gespr\u00e4chs-\/Selbsthilfegruppen und Kurse m\u00f6chte der SVFM eine Plattform f\u00fcr Informationen, Unterst\u00fctzung, Austausch und Begegnungen bieten, um die Anstrengungen aller im Kampf um die Anerkennung dieser modernen Krankheit zu b\u00fcndeln.<\/p><p>Diese wurde Anfang des 18. Jahrhunderts als Muskelrheuma entdeckt und diagnostiziert, bevor sie 1976 Fibromyalgie genannt wurde, ein Amalgam aus dem lateinischen Wort fibra (Faser) und den griechischen W\u00f6rtern myo (Muskel) und algos (Schmerz). Die moderne Medizin sieht Fibromyalgie immer seltener als eine Form von Rheuma. Die WHO hat sie aus der Gruppe der rheumatischen Erkrankungen herausgenommen und in die neu geschaffene Gruppe der generalisierten chronischen Schmerzen neu eingestuft. Diese Neueinstufung erfolgte unter dem Einfluss der IASP (International Association for the Study of Pain) im Rahmen der elften Revision der Internationalen Klassifikation der Krankheiten <strong>(ICD-11)<\/strong>.<\/p><p>Obwohl sie 1992 von der WHO Weltgesundheitsorganisation als rheumatische Krankheit und 2007 als eigenst\u00e4ndige Krankheit unter dem Begriff Fibromyalgie gem\u00e4\u00df ihrer Liste der internationalen Klassifikation der Krankheiten anerkannt wurde, ist die Fibromyalgie in der Schweiz nach wie vor nicht anerkannt und wird daher unter anderem von der Invalidenversicherung (IV) schlecht unterst\u00fctzt.<\/p><p>Chronische Schmerzen zwingen die meisten Menschen mit diesem Syndrom widerwillig dazu, ihre berufliche T\u00e4tigkeit anzupassen, zu verringern oder sogar aufzugeben, ohne dass sie irgendeine finanzielle Entsch\u00e4digung erhalten, die ihnen ein menschenw\u00fcrdiges Leben und vor allem die optimale Fortsetzung ihrer medizinischen Behandlung erm\u00f6glichen w\u00fcrde. Die meisten von ihnen sehen sich pl\u00f6tzlich mit einer so gro\u00dfen materiellen, physischen und psychologischen Notlage und Anf\u00e4lligkeit konfrontiert, dass sich ihr Gef\u00fchl des Unverst\u00e4ndnisses, der Ablehnung, der Scham und der Isolation noch verst\u00e4rkt.<\/p><p>Die Zahl der Fibromyalgie-Patienten nimmt von Jahr zu Jahr zu und liegt heute bei \u00fcber 3% der Schweizer Bev\u00f6lkerung, wobei Frauen zwei- bis f\u00fcnfmal h\u00e4ufiger betroffen sind als M\u00e4nner. Bei M\u00e4nnern kann Fibromyalgie unterdiagnostiziert werden. In j\u00fcngster Zeit werden schwere Anf\u00e4lle von Fibromyalgie bei Jugendlichen beobachtet.<\/p><p>Es ist daher von gr\u00f6\u00dfter Bedeutung, die medizinische Forschung zu f\u00f6rdern, um wirksame Heilmittel und therapeutische Behandlungen zu entwickeln, die die durch dieses Syndrom verursachten Schmerzen lindern, und gleichzeitig daf\u00fcr zu sorgen, dass die Schwere der Symptome von den staatlichen Beh\u00f6rden anerkannt wird. Angesichts dieser Erkenntnisse bem\u00fcht sich die SVMB daher, ihr Credo zu verwirklichen, indem sie die Fibromyalgie bekannt macht und letztendlich anerkennt, damit allen, die darunter leiden, bestm\u00f6glich geholfen und sie unterst\u00fctzt werden kann.<\/p><p>Der SVFM ist ein Verein <strong>nicht gewinnorientiert und als gemeinn\u00fctzig anerkannt<\/strong>Die Rheumaliga Schweiz ist eine politisch und religi\u00f6s unabh\u00e4ngige Organisation, die sich aus Mitgliedsbeitr\u00e4gen, G\u00f6nnerbeitr\u00e4gen, Spenden und einem Anteil an Subventionen des Bundesamtes f\u00fcr Gesundheit (BAG) und des Bundesamtes f\u00fcr Sozialversicherungen (BSV) zusammensetzt, die nach dem Beschluss der Rheumaliga Schweiz (RLS) verteilt werden.<\/p>\t\t\t\t\t\t\t\t<\/div>\n\t\t\t\t<\/div>\n\t\t\t\t\t<\/div>\n\t\t<\/div>\n\t\t\t\t\t<\/div>\n\t\t<\/section>\n\t\t\t\t<\/div>","protected":false},"excerpt":{"rendered":"<p>Fond\u00e9e en f\u00e9vrier 1997 \u00e0 l&rsquo;initiative de personnes atteintes de fibromyalgie et pr\u00e9occup\u00e9es par la d\u00e9gradation de leur sant\u00e9 et la m\u00e9connaissance de ce syndrome, l&rsquo;Association Suisse des Fibromyalgiques (ASFM) [&hellip;]<\/p>\n","protected":false},"author":1,"featured_media":0,"parent":0,"menu_order":0,"comment_status":"closed","ping_status":"closed","template":"","meta":{"footnotes":""},"class_list":["post-85","page","type-page","status-publish","hentry"],"publishpress_future_action":{"enabled":false,"date":"2026-05-10 14:24:40","action":"change-status","newStatus":"draft","terms":[],"taxonomy":"","extraData":[]},"publishpress_future_workflow_manual_trigger":{"enabledWorkflows":[]},"_links":{"self":[{"href":"https:\/\/suisse-fibromyalgie.ch\/de\/wp-json\/wp\/v2\/pages\/85","targetHints":{"allow":["GET"]}}],"collection":[{"href":"https:\/\/suisse-fibromyalgie.ch\/de\/wp-json\/wp\/v2\/pages"}],"about":[{"href":"https:\/\/suisse-fibromyalgie.ch\/de\/wp-json\/wp\/v2\/types\/page"}],"author":[{"embeddable":true,"href":"https:\/\/suisse-fibromyalgie.ch\/de\/wp-json\/wp\/v2\/users\/1"}],"replies":[{"embeddable":true,"href":"https:\/\/suisse-fibromyalgie.ch\/de\/wp-json\/wp\/v2\/comments?post=85"}],"version-history":[{"count":6,"href":"https:\/\/suisse-fibromyalgie.ch\/de\/wp-json\/wp\/v2\/pages\/85\/revisions"}],"predecessor-version":[{"id":6566,"href":"https:\/\/suisse-fibromyalgie.ch\/de\/wp-json\/wp\/v2\/pages\/85\/revisions\/6566"}],"wp:attachment":[{"href":"https:\/\/suisse-fibromyalgie.ch\/de\/wp-json\/wp\/v2\/media?parent=85"}],"curies":[{"name":"wp","href":"https:\/\/api.w.org\/{rel}","templated":true}]}}