{"id":7227,"date":"2025-01-05T21:25:30","date_gmt":"2025-01-05T20:25:30","guid":{"rendered":"https:\/\/suisse-fibromyalgie.ch\/?page_id=7227"},"modified":"2025-01-05T21:28:26","modified_gmt":"2025-01-05T20:28:26","slug":"qui-est-concerne","status":"publish","type":"page","link":"https:\/\/suisse-fibromyalgie.ch\/de\/qui-est-concerne\/","title":{"rendered":"Wer ist betroffen?"},"content":{"rendered":"<div data-elementor-type=\"wp-page\" data-elementor-id=\"7227\" class=\"elementor elementor-7227\" data-elementor-post-type=\"page\">\n\t\t\t\t\t\t<section class=\"elementor-section elementor-top-section elementor-element elementor-element-b75593e elementor-section-boxed elementor-section-height-default elementor-section-height-default\" data-id=\"b75593e\" data-element_type=\"section\" data-e-type=\"section\">\n\t\t\t\t\t\t<div class=\"elementor-container elementor-column-gap-default\">\n\t\t\t\t\t<div class=\"elementor-column elementor-col-33 elementor-top-column elementor-element elementor-element-ce82cff\" data-id=\"ce82cff\" data-element_type=\"column\" data-e-type=\"column\">\n\t\t\t<div class=\"elementor-widget-wrap elementor-element-populated\">\n\t\t\t\t\t\t<div class=\"elementor-element elementor-element-264706f elementor-widget elementor-widget-image\" data-id=\"264706f\" data-element_type=\"widget\" data-e-type=\"widget\" data-widget_type=\"image.default\">\n\t\t\t\t<div class=\"elementor-widget-container\">\n\t\t\t\t\t\t\t\t\t\t\t\t\t\t\t<img fetchpriority=\"high\" decoding=\"async\" width=\"683\" height=\"1024\" src=\"https:\/\/suisse-fibromyalgie.ch\/wp-content\/uploads\/pexels-rossxsavchyn-12073999-683x1024.jpg\" class=\"attachment-large size-large wp-image-7232\" alt=\"\" srcset=\"https:\/\/suisse-fibromyalgie.ch\/wp-content\/uploads\/pexels-rossxsavchyn-12073999-683x1024.jpg 683w, https:\/\/suisse-fibromyalgie.ch\/wp-content\/uploads\/pexels-rossxsavchyn-12073999-200x300.jpg 200w, https:\/\/suisse-fibromyalgie.ch\/wp-content\/uploads\/pexels-rossxsavchyn-12073999-768x1152.jpg 768w, https:\/\/suisse-fibromyalgie.ch\/wp-content\/uploads\/pexels-rossxsavchyn-12073999-1024x1536.jpg 1024w, https:\/\/suisse-fibromyalgie.ch\/wp-content\/uploads\/pexels-rossxsavchyn-12073999-1365x2048.jpg 1365w, https:\/\/suisse-fibromyalgie.ch\/wp-content\/uploads\/pexels-rossxsavchyn-12073999-8x12.jpg 8w, https:\/\/suisse-fibromyalgie.ch\/wp-content\/uploads\/pexels-rossxsavchyn-12073999-scaled.jpg 1707w\" sizes=\"(max-width: 683px) 100vw, 683px\" \/>\t\t\t\t\t\t\t\t\t\t\t\t\t\t\t<\/div>\n\t\t\t\t<\/div>\n\t\t\t\t\t<\/div>\n\t\t<\/div>\n\t\t\t\t<div class=\"elementor-column elementor-col-66 elementor-top-column elementor-element elementor-element-fbbbbed\" data-id=\"fbbbbed\" data-element_type=\"column\" data-e-type=\"column\">\n\t\t\t<div class=\"elementor-widget-wrap elementor-element-populated\">\n\t\t\t\t\t\t<div class=\"elementor-element elementor-element-4ed5c0f elementor-widget elementor-widget-text-editor\" data-id=\"4ed5c0f\" data-element_type=\"widget\" data-e-type=\"widget\" data-widget_type=\"text-editor.default\">\n\t\t\t\t<div class=\"elementor-widget-container\">\n\t\t\t\t\t\t\t\t\t<h1>Wer ist betroffen?<\/h1><h3>Allgemeine Pr\u00e4valenz :<\/h3><p>Fibromyalgie betrifft etwa 2 bis 4 % der Weltbev\u00f6lkerung.<\/p><h3>Verteilung nach Geschlecht :<\/h3><p>Etwa 80-90 % der Menschen mit Fibromyalgie sind Frauen, obwohl auch M\u00e4nner und Kinder an der Krankheit leiden k\u00f6nnen. Dies deutet darauf hin, dass Frauen eher an dieser Krankheit erkranken.<\/p><h3>Altersgruppe :<\/h3><p>Fibromyalgie betrifft vor allem Erwachsene im Alter von 30 bis 60 Jahren, obwohl auch bei Kindern und \u00e4lteren Menschen F\u00e4lle diagnostiziert wurden.<\/p><h3>Symptome und Lebensqualit\u00e4t :<\/h3><p>Etwa 50-70 %-Patienten leiden an Symptomen, die mit Schlafst\u00f6rungen und M\u00fcdigkeit einhergehen, was ihre Lebensqualit\u00e4t erheblich beeintr\u00e4chtigt.<\/p><h3>Wirtschaftliche Auswirkungen :<\/h3><p>Die mit Fibromyalgie verbundenen Kosten, einschlie\u00dflich medizinischer Versorgung und Produktivit\u00e4tsverlust, werden in den Industriel\u00e4ndern auf mehrere Milliarden Dollar pro Jahr gesch\u00e4tzt.<\/p><h3>Dauer der Krankheit :<\/h3><p>Fibromyalgie ist eine chronische Erkrankung, und 70 bis 90 % der Betroffenen haben Symptome, die \u00fcber mehrere Jahre oder sogar ihr ganzes Leben lang anhalten.<\/p>\t\t\t\t\t\t\t\t<\/div>\n\t\t\t\t<\/div>\n\t\t\t\t\t<\/div>\n\t\t<\/div>\n\t\t\t\t\t<\/div>\n\t\t<\/section>\n\t\t\t\t<section class=\"elementor-section elementor-top-section elementor-element elementor-element-30e0f0d elementor-section-boxed elementor-section-height-default elementor-section-height-default\" data-id=\"30e0f0d\" data-element_type=\"section\" data-e-type=\"section\">\n\t\t\t\t\t\t<div class=\"elementor-container elementor-column-gap-default\">\n\t\t\t\t\t<div class=\"elementor-column elementor-col-100 elementor-top-column elementor-element elementor-element-52d3665\" data-id=\"52d3665\" data-element_type=\"column\" data-e-type=\"column\">\n\t\t\t<div class=\"elementor-widget-wrap\">\n\t\t\t\t\t\t\t<\/div>\n\t\t<\/div>\n\t\t\t\t\t<\/div>\n\t\t<\/section>\n\t\t\t\t<\/div>","protected":false},"excerpt":{"rendered":"<p>Qui est concern\u00e9? Pr\u00e9valence g\u00e9n\u00e9rale : La fibromyalgie touche environ 2 \u00e0 4 % de la population mondiale. R\u00e9partition par sexe : Environ 80 \u00e0 90 % des personnes atteintes [&hellip;]<\/p>\n","protected":false},"author":569,"featured_media":7228,"parent":0,"menu_order":0,"comment_status":"closed","ping_status":"closed","template":"","meta":{"footnotes":""},"class_list":["post-7227","page","type-page","status-publish","has-post-thumbnail","hentry"],"publishpress_future_action":{"enabled":false,"date":"2026-05-02 10:23:25","action":"change-status","newStatus":"draft","terms":[],"taxonomy":"","extraData":[]},"publishpress_future_workflow_manual_trigger":{"enabledWorkflows":[]},"_links":{"self":[{"href":"https:\/\/suisse-fibromyalgie.ch\/de\/wp-json\/wp\/v2\/pages\/7227","targetHints":{"allow":["GET"]}}],"collection":[{"href":"https:\/\/suisse-fibromyalgie.ch\/de\/wp-json\/wp\/v2\/pages"}],"about":[{"href":"https:\/\/suisse-fibromyalgie.ch\/de\/wp-json\/wp\/v2\/types\/page"}],"author":[{"embeddable":true,"href":"https:\/\/suisse-fibromyalgie.ch\/de\/wp-json\/wp\/v2\/users\/569"}],"replies":[{"embeddable":true,"href":"https:\/\/suisse-fibromyalgie.ch\/de\/wp-json\/wp\/v2\/comments?post=7227"}],"version-history":[{"count":4,"href":"https:\/\/suisse-fibromyalgie.ch\/de\/wp-json\/wp\/v2\/pages\/7227\/revisions"}],"predecessor-version":[{"id":7235,"href":"https:\/\/suisse-fibromyalgie.ch\/de\/wp-json\/wp\/v2\/pages\/7227\/revisions\/7235"}],"wp:featuredmedia":[{"embeddable":true,"href":"https:\/\/suisse-fibromyalgie.ch\/de\/wp-json\/wp\/v2\/media\/7228"}],"wp:attachment":[{"href":"https:\/\/suisse-fibromyalgie.ch\/de\/wp-json\/wp\/v2\/media?parent=7227"}],"curies":[{"name":"wp","href":"https:\/\/api.w.org\/{rel}","templated":true}]}}