{"id":3,"date":"2021-01-01T00:00:28","date_gmt":"2020-12-31T23:00:28","guid":{"rendered":"https:\/\/suisse-fibromyalgie.ch\/?page_id=3"},"modified":"2025-01-18T15:18:25","modified_gmt":"2025-01-18T14:18:25","slug":"confidentialite","status":"publish","type":"page","link":"https:\/\/suisse-fibromyalgie.ch\/de\/confidentialite\/","title":{"rendered":"Datenschutz - ASFM"},"content":{"rendered":"<div data-elementor-type=\"wp-page\" data-elementor-id=\"3\" class=\"elementor elementor-3\" data-elementor-post-type=\"page\">\n\t\t\t\t\t\t<section class=\"elementor-section elementor-top-section elementor-element elementor-element-16b9f37a elementor-section-boxed elementor-section-height-default elementor-section-height-default\" data-id=\"16b9f37a\" data-element_type=\"section\" data-e-type=\"section\">\n\t\t\t\t\t\t<div class=\"elementor-container elementor-column-gap-default\">\n\t\t\t\t\t<div class=\"elementor-column elementor-col-100 elementor-top-column elementor-element elementor-element-552c1846\" data-id=\"552c1846\" data-element_type=\"column\" data-e-type=\"column\">\n\t\t\t<div class=\"elementor-widget-wrap elementor-element-populated\">\n\t\t\t\t\t\t<div class=\"elementor-element elementor-element-6ec6323f elementor-widget elementor-widget-text-editor\" data-id=\"6ec6323f\" data-element_type=\"widget\" data-e-type=\"widget\" data-widget_type=\"text-editor.default\">\n\t\t\t\t<div class=\"elementor-widget-container\">\n\t\t\t\t\t\t\t\t\t<p>Im folgenden PDF finden Sie die Datenschutzerkl\u00e4rung f\u00fcr Kunden, Mitglieder und Spender von <strong>die Schweizerische FibroMyalgie-Vereinigung SFMV<\/strong>\u00a0sowie weiter unten die Datenschutzerkl\u00e4rung speziell f\u00fcr die Nutzung dieser Website.<\/p>\n<p><!-- \/wp:paragraph --><!-- wp:file {\"id\":5729,\"href\":\"https:\/\/suisse-fibromyalgie.ch\/wp-content\/uploads\/ASFM-Declaration-de-confidentialite.pdf\",\"displayPreview\":true} --><\/p>\n<div class=\"wp-block-file\"><a href=\"https:\/\/suisse-fibromyalgie.ch\/wp-content\/uploads\/ASFM-Declaration-de-confidentialite.pdf\" target=\"_blank\" rel=\"noopener\">SVFM-Datenschutzerkl\u00e4rung<\/a><\/div>\n<p><!-- \/wp:file --><!-- wp:heading --><\/p>\n<h2 class=\"wp-block-heading\">Datenschutzerkl\u00e4rung f\u00fcr die Nutzung dieser Website<\/h2>\n<p><!-- \/wp:heading --><!-- wp:heading --><\/p>\n<h3 class=\"wp-block-heading\">Wer sind wir?<\/h3>\n<p><!-- \/wp:heading --><!-- wp:paragraph --><\/p>\n<p>Die Adresse unserer Website ist: https:\/\/suisse-fibromyalgie.ch<\/p>\n<p><!-- \/wp:paragraph --><!-- wp:paragraph --><\/p>\n<p>Die Website der Schweizerischen Fibromyalgie-Vereinigung - SFMV (im Folgenden auch \"wir\" oder \"uns\/unser\") richtet sich an Personen, die in der Schweiz leben. Der Datenschutz hat f\u00fcr uns einen hohen Stellenwert. Die Erhebung und Verarbeitung Ihrer personenbezogenen Daten erfolgt unter Beachtung der geltenden datenschutzrechtlichen Bestimmungen. Diese Datenschutzrichtlinie beschreibt, wie und zu welchem Zweck Ihre Daten gesammelt und verwendet werden und welche Wahlm\u00f6glichkeiten Sie in Bezug auf Ihre pers\u00f6nlichen Daten haben. Wenn Sie zum ersten Mal auf unsere Website zugreifen, erscheint ein Cookie-Banner mit drei Auswahlm\u00f6glichkeiten. Wenn Sie auf \"Alle akzeptieren\" klicken, erkl\u00e4ren Sie sich mit der Verwendung Ihrer Daten im Rahmen dieser Datenschutzrichtlinie einverstanden.<\/p>\n<p><!-- \/wp:paragraph --><!-- wp:paragraph --><\/p>\n<p>Diese Datenschutzrichtlinie kann jederzeit aktualisiert werden. Bitte lesen Sie regelm\u00e4\u00dfig die neueste Version auf dieser Seite.<\/p>\n<p><!-- \/wp:paragraph --><!-- wp:paragraph --><\/p>\n<h3>Wer ist f\u00fcr die Datenverarbeitung verantwortlich und an wen kann ich mich wenden?<\/h3>\n<p><!-- \/wp:paragraph --><!-- wp:paragraph --><\/p>\n<p>Der Verantwortliche f\u00fcr die Datenverarbeitung ist:<\/p>\n<p><!-- \/wp:paragraph --><!-- wp:paragraph --><\/p>\n<p style=\"text-align: left;\">Die Schweizerische FibroMyalgie-Vereinigung - SFMV<br \/>Philippe Sch\u00fcpbach (Vorsitzender)<br \/>Rue du Village 13<br \/>1424 Champagne<\/p>\n<p><!-- \/wp:paragraph --><!-- wp:paragraph --><\/p>\n<p><!-- \/wp:paragraph --><!-- wp:paragraph --><\/p>\n<p>Wenn Sie Fragen zum Datenschutz haben, k\u00f6nnen Sie sich an unseren Datenschutzbeauftragten wenden: philippe.schupbach@suisse-fibromyalgie.ch<\/p>\n<h2>Gesammelte Daten<\/h2>\n<h3>Zugangsdaten<\/h3>\n<p>Wenn Sie diese Website nutzen, werden verschiedene personenbezogene Daten gesammelt. Wir sammeln automatisch Daten \u00fcber Ihr Nutzungsverhalten und Ihre Interaktion mit uns.<\/p>\n<p>Diese Zugangsdaten umfassen:<\/p>\n<ul>\n<li>den Namen und die URL der aufgerufenen Datei<\/li>\n<li>das Datum und die Uhrzeit des Zugriffs<\/li>\n<li>die Menge der \u00fcbertragenen Daten<\/li>\n<li>die Nachricht, dass die Anfrage erfolgreich war (HTTP response code)<\/li>\n<li>den Typ und die Version des Browsers<\/li>\n<li>das Betriebssystem<\/li>\n<li>die Referrer-URL (d. h. die zuvor aufgerufene Seite)<\/li>\n<li>Websites, die vom System der Nutzerin oder des Nutzers \u00fcber unsere Website aufgerufen werden<\/li>\n<li>den Internetanbieter des Nutzers oder der Nutzerin<\/li>\n<li>die IP-Adresse und den anfragenden Provider<\/li>\n<\/ul>\n<p>\u00a0<\/p>\n<p>Unter bestimmten Umst\u00e4nden k\u00f6nnen Dritte anonymisierte Daten \u00fcber Ihre Nutzung unserer und anderer Websites sammeln und uns diese Daten in anonymisierter Form zur Verf\u00fcgung stellen. Diese Daten (i) zeigen uns, aus welchen geografischen Regionen Nutzerinnen und Nutzer auf unsere Website zugreifen, oder (ii) informieren uns \u00fcber das Verhalten von Nutzerinnen und Nutzern in Bezug auf Werbeanzeigen auf anderen Websites und (iii) zeigen uns die Namen anderer Websites, auf denen Ihnen Werbeanzeigen der Rheumaliga Schweiz pr\u00e4sentiert wurden.<\/p>\n<p>Unternehmen, die Mediaplayer wie YouTube betreiben, k\u00f6nnen Ihre vollst\u00e4ndige IP-Adresse speichern, damit Sie Inhalte, die auf ihren Plattformen gehostet werden, ansehen oder anh\u00f6ren k\u00f6nnen. Diese Drittanbieter-Plattformen werden nicht von uns betrieben oder kontrolliert, und Ihre IP-Adresse sowie alle anderen personenbezogenen Daten, die von diesen Plattformen erhoben, verarbeitet oder gespeichert werden, unterliegen den jeweiligen Datenschutzrichtlinien dieser Plattformen. Die Schweizerische Fibromyalgie-Vereinigung ist nicht verantwortlich f\u00fcr die Art und Weise, wie diese Unternehmen personenbezogene Daten verarbeiten.<\/p>\n<h3>Pers\u00f6nliche Daten<\/h3>\n<p>Wenn Sie mit uns Kontakt aufnehmen (z. B. \u00fcber ein Kontaktformular, per E-Mail oder Telefonanruf), speichern wir Ihre Daten, um Ihre Anfrage zu bearbeiten, wenn Anschlussfragen entstehen, zum Zwecke der Qualit\u00e4tssicherung oder f\u00fcr andere in dieser Datenschutzrichtlinie beschriebene Zwecke.<\/p>\n<p>Weitere personenbezogene Daten speichern und verwenden wir nur, wenn Sie eingewilligt haben oder wenn dies ohne besondere Einwilligung gesetzlich zul\u00e4ssig ist. Sofern nicht ausdr\u00fccklich angegeben, speichern wir personenbezogene Daten nur so lange, wie es zur Erreichung der verfolgten Zwecke erforderlich und zul\u00e4ssig ist.<\/p>\n<p>Ihre pers\u00f6nlichen Daten werden streng vertraulich behandelt: Die Rheumaliga Schweiz betreibt keinen Adresshandel, vermietet, verkauft oder tauscht keine pers\u00f6nlichen Daten und h\u00e4lt sich an die geltenden Datenschutzbestimmungen, insbesondere an das revidierte schweizerische Datenschutzgesetz (DSG).<\/p>\n<p>Jede get\u00e4tigte Spende kann weder widerrufen noch zur\u00fcckgefordert werden. Sie k\u00f6nnen Ihre Spende jedoch von Ihrem steuerpflichtigen Einkommen abziehen.<\/p>\n<h3>Offenlegung und Weitergabe von Daten an Dritte<\/h3>\n<p>Grunds\u00e4tzlich verwenden wir Ihre durch die Website erzeugten Daten nur innerhalb unserer Organisation. Unter Einhaltung des gesetzlichen Rahmens sowie der Datenschutzerkl\u00e4rungen und -richtlinien kann die Schweizerische Fibromyalgie-Vereinigung Ihre Daten jedoch an mit ihr verbundene Unternehmen (z.B. Rheumaliga Schweiz), deren VertreterInnen sowie an externe Dienstleister zum Zweck der Leistungserbringung weitergeben. Alle Dienstleister der Schweizerischen Fibromyalgie-Vereinigung, die Zugang zu \u00fcber unsere Website erhobenen personenbezogenen Daten haben, sind verpflichtet, diese Informationen vertraulich zu behandeln, die personenbezogenen Daten nur f\u00fcr den Zweck zu verwenden, f\u00fcr den sie zur Verf\u00fcgung gestellt wurden, und alle anwendbaren Datenschutzgesetze sowie alle diesbez\u00fcglichen Anweisungen und Richtlinien der Schweizerischen Fibromyalgie-Vereinigung zu befolgen. Wenn und soweit wir in diesem Zusammenhang Dritte einschalten, sind diese verpflichtet, die personenbezogenen Daten gem\u00e4\u00df den Anforderungen der Datenschutzgesetze zu verwenden und den Schutz der Rechte der betroffenen Person zu gew\u00e4hrleisten. Es findet keine Weitergabe von Daten an Stellen oder Personen au\u00dferhalb der EU statt.<\/p>\n<p>Die Schweizerische Fibromyalgie-Vereinigung kann Ihre Daten zudem gegen\u00fcber Regierungs- oder staatlichen Beh\u00f6rden und Aufsichtsbeh\u00f6rden offenlegen, sofern dies der Fall ist:<\/p>\n<ul>\n<li>mit den geltenden Gesetzen, Vorschriften, gerichtlichen Anordnungen oder offiziellen Anforderungen \u00fcbereinstimmt;<\/li>\n<li>mit etwaigen Anforderungen von Aufsichtsbeh\u00f6rden oder anderen Beh\u00f6rden oder den von diesen ver\u00f6ffentlichten Leitlinien \u00fcbereinstimmt.<\/li>\n<\/ul>\n<p>\u00a0<\/p>\n<h3>Sicherheit der Daten\u00fcbertragung<\/h3>\n<ul>\n<li>Wir bem\u00fchen uns, die Sicherheit Ihrer Daten im Rahmen der geltenden Datenschutzgesetze und der technischen M\u00f6glichkeiten zu gew\u00e4hrleisten. Ihre pers\u00f6nlichen Daten werden bei uns verschl\u00fcsselt \u00fcbertragen. Dies gilt f\u00fcr Ihre Bestellungen und Kontaktformulare. Wir verwenden das Verschl\u00fcsselungssystem SSL (Secure Socket Layer), weisen aber darauf hin, dass die Daten\u00fcbertragung im Internet (z.B. bei der Kommunikation per E-Mail) Sicherheitsl\u00fccken aufweisen kann. Ein l\u00fcckenloser Schutz der Daten vor dem Zugriff durch Dritte kann nicht gew\u00e4hrleistet werden. Um die Sicherheit Ihrer Daten zu gew\u00e4hrleisten, treffen wir technische und organisatorische Sicherheitsma\u00dfnahmen, die wir laufend an den aktuellen Stand der Technik anpassen. Die von uns genutzten Server werden regelm\u00e4\u00dfig und sorgf\u00e4ltig gesichert.<\/li>\n<\/ul>\n<p>\u00a0<\/p>\n<h3>Schutz, Verarbeitung und Nutzung pers\u00f6nlicher Daten<\/h3>\n<ul>\n<li>Wir beschr\u00e4nken den Zugriff auf Ihre personenbezogenen Daten auf Mitarbeiterinnen und Mitarbeiter, F\u00fchrungskr\u00e4fte und andere Parteien, die diese Daten kennen m\u00fcssen, um Ihnen Produkte und Dienstleistungen anbieten zu k\u00f6nnen. Wir ergreifen angemessene technische und organisatorische Sicherheitsma\u00dfnahmen, um Ihre personenbezogenen Daten zu sch\u00fctzen. Dazu verwenden wir unter anderem Firewalls, pers\u00f6nliche Passw\u00f6rter sowie Verschl\u00fcsselungs- und Authentifizierungstechnologien. Die Nutzung und Offenlegung Ihrer Daten erfolgt stets in \u00dcbereinstimmung mit dieser Richtlinie, au\u00dfer in F\u00e4llen, in denen wir Ihre Zustimmung eingeholt haben oder die Offenlegung gesetzlich zul\u00e4ssig ist. Wenn wir der Ansicht sind, dass zus\u00e4tzliche Produkte und Dienstleistungen f\u00fcr Sie von Interesse sein k\u00f6nnten, k\u00f6nnen wir Ihre Daten und pers\u00f6nlichen Informationen m\u00f6glicherweise an Unternehmen weitergeben, die mit der Schweizerischen Fibromyalgie-Vereinigung verbunden sind (z. B. die Rheumaliga Schweiz), sofern dies nach geltendem Recht zul\u00e4ssig ist.<\/li>\n<li>Wir speichern Ihre pers\u00f6nlichen Daten in \u00dcbereinstimmung mit den geltenden Datenschutzgesetzen. Ihre pers\u00f6nlichen Daten werden in \u00dcbereinstimmung mit der Datenschutzrichtlinie der Schweizerischen Fibromyalgie-Vereinigung behandelt.<\/li>\n<\/ul>\n<p>\u00a0<\/p>\n<h3>Umgang mit elektronischen Nachrichten<\/h3>\n<ul>\n<li>Wenn Besucherinnen und Besucher die von uns auf unserer Website ver\u00f6ffentlichte elektronische Kontaktadresse verwenden, um mit der Schweizerischen Fibromyalgie-Vereinigung Kontakt aufzunehmen, erm\u00e4chtigen sie die Schweizerische Fibromyalgie-Vereinigung ausdr\u00fccklich, auf demselben Weg entweder an die Absenderadresse oder an eine andere angegebene Adresse zu antworten. Es sei darauf hingewiesen, dass E-Mails kein geeignetes Mittel f\u00fcr die Zusendung vertraulicher Informationen sind.<\/li>\n<\/ul>\n<p>\u00a0<\/p>\n<p><!-- \/wp:paragraph --><!-- wp:paragraph --><\/p>\n<p><!-- \/wp:paragraph --><!-- wp:heading --><\/p>\n<h2 class=\"wp-block-heading\">Kommentare<\/h2>\n<p><!-- \/wp:heading --><!-- wp:paragraph --><\/p>\n<p>Wenn Sie einen Kommentar auf unserer Website hinterlassen, werden die im Kommentarformular eingetragenen Daten, aber auch Ihre IP-Adresse und der User Agent Ihres Browsers gesammelt, um uns bei der Erkennung unerw\u00fcnschter Kommentare zu helfen.<\/p>\n<p><!-- \/wp:paragraph --><!-- wp:paragraph --><\/p>\n<p>Eine aus Ihrer E-Mail-Adresse erstellte anonymisierte Zeichenfolge (auch Hash genannt) kann an den Gravatar-Dienst gesendet werden, um zu \u00fcberpr\u00fcfen, ob Sie den Dienst nutzen. Die Datenschutzbestimmungen des Gravatar-Dienstes finden Sie hier : <a href=\"https:\/\/automattic.com\/privacy\/\" target=\"_blank\" rel=\"noopener\">https:\/\/automattic.com\/privacy\/<\/a>. Nachdem Sie Ihren Kommentar freigeschaltet haben, wird Ihr Profilbild neben Ihrem Kommentar \u00f6ffentlich sichtbar sein.<\/p>\n<p><!-- \/wp:paragraph --><!-- wp:heading --><\/p>\n<h2 class=\"wp-block-heading\">Medien<\/h2>\n<p><!-- \/wp:heading --><!-- wp:paragraph --><\/p>\n<p>Wenn Sie Bilder auf die Website hochladen, empfehlen wir Ihnen, keine Bilder hochzuladen, die EXIF-Daten von GPS-Koordinaten enthalten. Personen, die Ihre Website besuchen, k\u00f6nnen aus diesen Bildern Standortdaten herunterladen und extrahieren.<\/p>\n<h2>Newsletter<\/h2>\n<p>Newsletter werden nur an Personen gesendet, die ausdr\u00fccklich zugestimmt haben, sie zu erhalten. Um Ihnen unseren Newsletter zusenden zu k\u00f6nnen, verwenden wir das sogenannte Double-Opt-In-Verfahren. Die Empf\u00e4nger k\u00f6nnen sich jederzeit von unseren Newslettern abmelden, indem sie auf den in jeder E-Mail enthaltenen Link klicken. Es ist auch m\u00f6glich, eine schriftliche Nachricht in einer anderen Form zu senden.<\/p>\n<p><!-- \/wp:paragraph --><!-- wp:heading --><\/p>\n<h2 class=\"wp-block-heading\">Cookies<\/h2>\n<p><!-- \/wp:heading --><!-- wp:paragraph --><\/p>\n<p>Wenn Sie einen Kommentar auf unserer Website abgeben, wird Ihnen angeboten, Ihren Namen, Ihre E-Mail-Adresse und Ihre Website in Cookies zu speichern. Dies dient lediglich Ihrer Bequemlichkeit, damit Sie diese Informationen nicht eingeben m\u00fcssen, wenn Sie sp\u00e4ter einen weiteren Kommentar abgeben. Diese Cookies laufen nach einem Jahr ab.<\/p>\n<p><!-- \/wp:paragraph --><!-- wp:paragraph --><\/p>\n<p>Wenn Sie die Anmeldeseite aufrufen, wird ein tempor\u00e4res Cookie erstellt, um festzustellen, ob Ihr Browser Cookies akzeptiert. Es enth\u00e4lt keine personenbezogenen Daten und wird automatisch gel\u00f6scht, wenn Sie Ihren Browser schlie\u00dfen.<\/p>\n<p><!-- \/wp:paragraph --><!-- wp:paragraph --><\/p>\n<p>Wenn Sie sich anmelden, setzen wir eine Reihe von Cookies, um Ihre Anmeldeinformationen und Bildschirmeinstellungen zu speichern. Die Lebensdauer eines Anmelde-Cookies betr\u00e4gt zwei Tage, die eines Cookies f\u00fcr die Bildschirmeinstellungen ein Jahr. Wenn Sie \"An mich erinnern\" ankreuzen, wird Ihr Anmelde-Cookie zwei Wochen lang gespeichert. Wenn Sie sich von Ihrem Konto abmelden, wird das Anmelde-Cookie gel\u00f6scht.<\/p>\n<p><!-- \/wp:paragraph --><!-- wp:paragraph --><\/p>\n<p>Wenn Sie einen Beitrag bearbeiten oder ver\u00f6ffentlichen, wird ein zus\u00e4tzliches Cookie in Ihrem Browser gespeichert. Dieses Cookie enth\u00e4lt keine pers\u00f6nlichen Daten. Es zeigt lediglich die ID des Beitrags an, den Sie gerade bearbeitet haben. Es l\u00e4uft nach einem Tag ab.<\/p>\n<p><!-- \/wp:paragraph --><!-- wp:heading --><\/p>\n<h2 class=\"wp-block-heading\">Von anderen Seiten eingebettete Inhalte<\/h2>\n<p><!-- \/wp:heading --><!-- wp:paragraph --><\/p>\n<p>Die Artikel auf dieser Website k\u00f6nnen eingebettete Inhalte enthalten (z. B. Videos, Bilder, Artikel ...). Von anderen Websites eingebettete Inhalte verhalten sich genauso, als w\u00fcrde der Besucher diese andere Website besuchen.<\/p>\n<p><!-- \/wp:paragraph --><!-- wp:paragraph --><\/p>\n<p>Diese Websites k\u00f6nnten Daten \u00fcber Sie sammeln, Cookies verwenden, Tracking-Tools von Drittanbietern einbetten, Ihre Interaktionen mit diesen eingebetteten Inhalten verfolgen, wenn Sie ein eingeloggtes Konto auf ihrer Website haben.<\/p>\n<p><!-- \/wp:paragraph --><!-- wp:heading --><\/p>\n<h2>Links<\/h2>\n<p>Unsere Website kann externe Links zu anderen Websites enthalten, die nicht von der Schweizerischen Fibromyalgie-Vereinigung betrieben oder \u00fcberwacht werden. Diese anderen Websites unterliegen nicht unserer Datenschutzrichtlinie oder dieser Richtlinie. Wir sind daher weder f\u00fcr deren Inhalt noch f\u00fcr deren Umgang mit personenbezogenen Daten verantwortlich.<\/p>\n<p><!-- \/wp:paragraph --><!-- wp:heading --><\/p>\n<h2 class=\"wp-block-heading\">Speicherfristen f\u00fcr Ihre Daten<\/h2>\n<p><!-- \/wp:heading --><!-- wp:paragraph --><\/p>\n<p>Wenn Sie einen Kommentar hinterlassen, werden der Kommentar und seine Metadaten auf unbestimmte Zeit gespeichert. Dadurch werden nachfolgende Kommentare automatisch erkannt und genehmigt, anstatt sie in der Moderationswarteschlange zu belassen.<\/p>\n<p><!-- \/wp:paragraph --><!-- wp:paragraph --><\/p>\n<p>\u00a0<\/p>\n<p><!-- \/wp:paragraph --><!-- wp:heading --><\/p>\n<h2 class=\"wp-block-heading\">Rechte von Internetnutzerinnen und -nutzern<\/h2>\n<p><!-- \/wp:heading --><!-- wp:paragraph --><\/p>\n<p>Sie haben das Recht zu fragen:<\/p>\n<ul>\n<li>Kommunikation<\/li>\n<li>die Berichtigung<\/li>\n<li>die Einschr\u00e4nkung der Verarbeitung<\/li>\n<li>die Blockade<\/li>\n<li>die L\u00f6schung<\/li>\n<\/ul>\n<p>der Daten, die wir \u00fcber Sie gesammelt haben. In diesen F\u00e4llen wenden Sie sich bitte an unseren Datenschutzbeauftragten.<\/p>\n<p>Wenn Sie Kommentare auf der Website hinterlassen haben, k\u00f6nnen Sie verlangen, eine Datei zu erhalten, die alle personenbezogenen Daten enth\u00e4lt, die wir \u00fcber Sie haben, einschlie\u00dflich der Daten, die Sie uns zur Verf\u00fcgung gestellt haben. Sie k\u00f6nnen auch verlangen, dass Ihre personenbezogenen Daten gel\u00f6scht werden. Dies gilt nicht f\u00fcr Daten, die f\u00fcr administrative oder rechtliche Zwecke oder aus Sicherheitsgr\u00fcnden gespeichert werden.<\/p>\n<p><!-- \/wp:paragraph --><!-- wp:heading --><\/p>\n<h2 class=\"wp-block-heading\">\u00dcbermittlung Ihrer pers\u00f6nlichen Daten<\/h2>\n<p><!-- \/wp:heading --><!-- wp:paragraph --><\/p>\n<p>Die Kommentare von Besuchern k\u00f6nnen mithilfe eines automatisierten Dienstes zur Erkennung unerw\u00fcnschter Kommentare \u00fcberpr\u00fcft werden.<\/p>\n<h2>Zust\u00e4ndige Beh\u00f6rde f\u00fcr den Datenschutz<\/h2>\n<p>Sie k\u00f6nnen jederzeit eine Beschwerde bei einer Aufsichtsbeh\u00f6rde einreichen. Die\u00a0<a href=\"https:\/\/www.edoeb.admin.ch\/edoeb\/fr\/home.html\" target=\"_blank\" rel=\"noopener\">Eidgen\u00f6ssischer Datenschutz- und \u00d6ffentlichkeitsbeauftragter (ED\u00d6B)<\/a>mit offiziellem Sitz in Bern ist der Beauftragte f\u00fcr Datenschutz und Informationsfreiheit f\u00fcr die Schweiz.<\/p>\n<p>Champagne, den 16. Juli 2024<\/p>\n<p><!-- \/wp:paragraph --><\/p>\t\t\t\t\t\t\t\t<\/div>\n\t\t\t\t<\/div>\n\t\t\t\t\t<\/div>\n\t\t<\/div>\n\t\t\t\t\t<\/div>\n\t\t<\/section>\n\t\t\t\t<\/div>","protected":false},"excerpt":{"rendered":"<p>Vous trouverez dans le PDF ci-dessous la d\u00e9claration de protection des donn\u00e9es pour les clients, les membres et les donateurs de l&rsquo;Association Suisse des FibroMyalgiques ASFM\u00a0ainsi que, plus bas, la [&hellip;]<\/p>\n","protected":false},"author":1,"featured_media":0,"parent":0,"menu_order":0,"comment_status":"closed","ping_status":"closed","template":"","meta":{"footnotes":""},"class_list":["post-3","page","type-page","status-publish","hentry"],"publishpress_future_action":{"enabled":false,"date":"2026-05-02 10:54:13","action":"change-status","newStatus":"draft","terms":[],"taxonomy":"","extraData":[]},"publishpress_future_workflow_manual_trigger":{"enabledWorkflows":[]},"_links":{"self":[{"href":"https:\/\/suisse-fibromyalgie.ch\/de\/wp-json\/wp\/v2\/pages\/3","targetHints":{"allow":["GET"]}}],"collection":[{"href":"https:\/\/suisse-fibromyalgie.ch\/de\/wp-json\/wp\/v2\/pages"}],"about":[{"href":"https:\/\/suisse-fibromyalgie.ch\/de\/wp-json\/wp\/v2\/types\/page"}],"author":[{"embeddable":true,"href":"https:\/\/suisse-fibromyalgie.ch\/de\/wp-json\/wp\/v2\/users\/1"}],"replies":[{"embeddable":true,"href":"https:\/\/suisse-fibromyalgie.ch\/de\/wp-json\/wp\/v2\/comments?post=3"}],"version-history":[{"count":7,"href":"https:\/\/suisse-fibromyalgie.ch\/de\/wp-json\/wp\/v2\/pages\/3\/revisions"}],"predecessor-version":[{"id":7857,"href":"https:\/\/suisse-fibromyalgie.ch\/de\/wp-json\/wp\/v2\/pages\/3\/revisions\/7857"}],"wp:attachment":[{"href":"https:\/\/suisse-fibromyalgie.ch\/de\/wp-json\/wp\/v2\/media?parent=3"}],"curies":[{"name":"wp","href":"https:\/\/api.w.org\/{rel}","templated":true}]}}