{"id":5546,"date":"2024-06-11T10:43:00","date_gmt":"2024-06-11T08:43:00","guid":{"rendered":"https:\/\/suisse-fibromyalgie.ch\/?page_id=5546"},"modified":"2024-06-11T13:09:32","modified_gmt":"2024-06-11T11:09:32","slug":"ass-association-suisse-des-sclerodermiques","status":"publish","type":"page","link":"http:\/\/suisse-fibromyalgie.ch\/it\/ass-association-suisse-des-sclerodermiques\/","title":{"rendered":"ASS - Associazione Svizzera Sclerodermia"},"content":{"rendered":"<div data-elementor-type=\"wp-page\" data-elementor-id=\"5546\" class=\"elementor elementor-5546\" data-elementor-post-type=\"page\">\n\t\t\t\t\t\t<section class=\"elementor-section elementor-top-section elementor-element elementor-element-5643a8c elementor-section-boxed elementor-section-height-default elementor-section-height-default\" data-id=\"5643a8c\" data-element_type=\"section\" data-e-type=\"section\">\n\t\t\t\t\t\t<div class=\"elementor-container elementor-column-gap-default\">\n\t\t\t\t\t<div class=\"elementor-column elementor-col-50 elementor-top-column elementor-element elementor-element-c953588\" data-id=\"c953588\" data-element_type=\"column\" data-e-type=\"column\">\n\t\t\t<div class=\"elementor-widget-wrap elementor-element-populated\">\n\t\t\t\t\t\t<div class=\"elementor-element elementor-element-68ab1cb elementor-widget elementor-widget-image\" data-id=\"68ab1cb\" data-element_type=\"widget\" data-e-type=\"widget\" data-widget_type=\"image.default\">\n\t\t\t\t<div class=\"elementor-widget-container\">\n\t\t\t\t\t\t\t\t\t\t\t\t\t\t\t<img fetchpriority=\"high\" decoding=\"async\" width=\"606\" height=\"348\" src=\"https:\/\/suisse-fibromyalgie.ch\/wp-content\/uploads\/Slerodermie.jpg\" class=\"attachment-medium_large size-medium_large wp-image-5547\" alt=\"\" srcset=\"https:\/\/suisse-fibromyalgie.ch\/wp-content\/uploads\/Slerodermie.jpg 606w, https:\/\/suisse-fibromyalgie.ch\/wp-content\/uploads\/Slerodermie-300x172.jpg 300w, https:\/\/suisse-fibromyalgie.ch\/wp-content\/uploads\/Slerodermie-18x10.jpg 18w\" sizes=\"(max-width: 606px) 100vw, 606px\" \/>\t\t\t\t\t\t\t\t\t\t\t\t\t\t\t<\/div>\n\t\t\t\t<\/div>\n\t\t\t\t\t<\/div>\n\t\t<\/div>\n\t\t\t\t<div class=\"elementor-column elementor-col-50 elementor-top-column elementor-element elementor-element-d7d3abd\" data-id=\"d7d3abd\" data-element_type=\"column\" data-e-type=\"column\">\n\t\t\t<div class=\"elementor-widget-wrap elementor-element-populated\">\n\t\t\t\t\t\t<div class=\"elementor-element elementor-element-cdd1fa2 elementor-widget elementor-widget-text-editor\" data-id=\"cdd1fa2\" data-element_type=\"widget\" data-e-type=\"widget\" data-widget_type=\"text-editor.default\">\n\t\t\t\t<div class=\"elementor-widget-container\">\n\t\t\t\t\t\t\t\t\t<p>Nel maggio 2024, l'ASFM \u00e8 stata invitata a presentare la nostra associazione e anche la proposta di partnership con le associazioni all'ultima riunione del comitato dell'Associazione Svizzera Sclerodermia - ASS, che ha poi deciso di stabilire la partnership con noi.<\/p><p>Questo ci permetter\u00e0 di trovare sinergie tra le nostre due associazioni, organizzare eventi comuni e molto altro ancora.<\/p><p>Non vediamo l'ora di iniziare questa collaborazione, che promette molte cose buone per entrambe le nostre associazioni.<\/p><p>Per maggiori informazioni sulla loro associazione, visitate il loro sito web al link sottostante:<\/p><p><a href=\"https:\/\/sclerodermie.ch\/\" target=\"_blank\" rel=\"noopener\">https:\/\/sclerodermie.ch\/<\/a><\/p>\t\t\t\t\t\t\t\t<\/div>\n\t\t\t\t<\/div>\n\t\t\t\t\t<\/div>\n\t\t<\/div>\n\t\t\t\t\t<\/div>\n\t\t<\/section>\n\t\t\t\t<\/div>","protected":false},"excerpt":{"rendered":"<p>L\u2019ASFM \u00e9tait invit\u00e9e au mois de mai 2024 \u00e0 pr\u00e9senter notre association et \u00e9galement la proposition de partenariat avec les associations lors de la derni\u00e8re s\u00e9ance de comit\u00e9 de l\u2019Association [&hellip;]<\/p>\n","protected":false},"author":1,"featured_media":0,"parent":0,"menu_order":0,"comment_status":"closed","ping_status":"closed","template":"","meta":{"footnotes":""},"class_list":["post-5546","page","type-page","status-publish","hentry"],"publishpress_future_action":{"enabled":false,"date":"2026-05-03 12:24:31","action":"change-status","newStatus":"draft","terms":[],"taxonomy":"","extraData":[]},"publishpress_future_workflow_manual_trigger":{"enabledWorkflows":[]},"_links":{"self":[{"href":"http:\/\/suisse-fibromyalgie.ch\/it\/wp-json\/wp\/v2\/pages\/5546","targetHints":{"allow":["GET"]}}],"collection":[{"href":"http:\/\/suisse-fibromyalgie.ch\/it\/wp-json\/wp\/v2\/pages"}],"about":[{"href":"http:\/\/suisse-fibromyalgie.ch\/it\/wp-json\/wp\/v2\/types\/page"}],"author":[{"embeddable":true,"href":"http:\/\/suisse-fibromyalgie.ch\/it\/wp-json\/wp\/v2\/users\/1"}],"replies":[{"embeddable":true,"href":"http:\/\/suisse-fibromyalgie.ch\/it\/wp-json\/wp\/v2\/comments?post=5546"}],"version-history":[{"count":0,"href":"http:\/\/suisse-fibromyalgie.ch\/it\/wp-json\/wp\/v2\/pages\/5546\/revisions"}],"wp:attachment":[{"href":"http:\/\/suisse-fibromyalgie.ch\/it\/wp-json\/wp\/v2\/media?parent=5546"}],"curies":[{"name":"wp","href":"https:\/\/api.w.org\/{rel}","templated":true}]}}