{"id":3670,"date":"2023-03-06T12:28:37","date_gmt":"2023-03-06T11:28:37","guid":{"rendered":"https:\/\/suisse-fibromyalgie.ch\/?page_id=3670"},"modified":"2025-07-10T11:34:01","modified_gmt":"2025-07-10T09:34:01","slug":"votre-don-est-tres-important-pour-nous","status":"publish","type":"page","link":"http:\/\/suisse-fibromyalgie.ch\/it\/votre-don-est-tres-important-pour-nous\/","title":{"rendered":"La vostra donazione \u00e8 molto importante per noi"},"content":{"rendered":"<div data-elementor-type=\"wp-page\" data-elementor-id=\"3670\" class=\"elementor elementor-3670\" data-elementor-post-type=\"page\">\n\t\t\t\t\t\t<section class=\"elementor-section elementor-top-section elementor-element elementor-element-791811a elementor-section-boxed elementor-section-height-default elementor-section-height-default\" data-id=\"791811a\" data-element_type=\"section\" data-e-type=\"section\">\n\t\t\t\t\t\t<div class=\"elementor-container elementor-column-gap-default\">\n\t\t\t\t\t<div class=\"elementor-column elementor-col-50 elementor-top-column elementor-element elementor-element-be7301c\" data-id=\"be7301c\" data-element_type=\"column\" data-e-type=\"column\">\n\t\t\t<div class=\"elementor-widget-wrap elementor-element-populated\">\n\t\t\t\t\t\t<div class=\"elementor-element elementor-element-f07c3cf elementor-widget elementor-widget-text-editor\" data-id=\"f07c3cf\" data-element_type=\"widget\" data-e-type=\"widget\" data-widget_type=\"text-editor.default\">\n\t\t\t\t<div class=\"elementor-widget-container\">\n\t\t\t\t\t\t\t\t\t<h1><span style=\"color: #000080;\">Il vostro contributo<\/span><\/h1><h3>\u00e8 di enorme importanza per l'ASFM!<\/h3><p>Ci sono diversi modi in cui potete impegnarvi personalmente per sostenere l'ASFM.<\/p><p>Il vostro sostegno finanziario ci permette di fornire informazioni pi\u00f9 complete ed efficaci, di contribuire alla ricerca e di organizzare eventi pubblici.<\/p><h3>Ecco alcuni dei modi in cui potete sostenere il nostro lavoro:<\/h3><ul><li>Un'occasione speciale? Un matrimonio? Un compleanno o un anniversario? Se avete gi\u00e0 tutto il necessario, potete raccogliere una somma di denaro e trasferirla semplicemente sul nostro conto di donazione.<\/li><li>A proposito: la vostra donazione \u00e8 deducibile dalle tasse!<\/li><li>Diventa membro: entra a far parte dell'associazione e sostienila a lungo termine!<\/li><\/ul><p>Grazie al vostro generoso sostegno, aiutate attivamente l'ASFM a perseguire la sua importante missione. Vi ringraziamo sinceramente per il vostro aiuto!<\/p><hr \/><h3>\u00a0<\/h3><h3>ASFM - Associazione svizzera della fibromialgia<\/h3><h5>Rue du Village 13<\/h5><h5>1424 Champagne<\/h5><h5>Svizzera<\/h5><h5>Telefono +41 77 409 92 28<\/h5><h5>info@suisse-fibromyalgie.ch<\/h5><hr \/><h2>\u00a0<\/h2><h2>Coordinate bancarie :<\/h2><h3>Banca Raiffeisen<\/h3><p>Casella postale<br \/>1401 Yverdon les Bains<br \/>CCP 10-9374-7<\/p><h5>IBAN CH09 8080 8002 7247 0355 8<\/h5>\t\t\t\t\t\t\t\t<\/div>\n\t\t\t\t<\/div>\n\t\t\t\t<div class=\"elementor-element elementor-element-00b9a31 elementor-widget elementor-widget-image\" data-id=\"00b9a31\" data-element_type=\"widget\" data-e-type=\"widget\" data-widget_type=\"image.default\">\n\t\t\t\t<div class=\"elementor-widget-container\">\n\t\t\t\t\t\t\t\t\t\t\t\t\t\t\t<img fetchpriority=\"high\" decoding=\"async\" width=\"800\" height=\"600\" src=\"https:\/\/suisse-fibromyalgie.ch\/wp-content\/uploads\/Merci-coeur-1024x768.jpg\" class=\"attachment-large size-large wp-image-8648\" alt=\"\" srcset=\"https:\/\/suisse-fibromyalgie.ch\/wp-content\/uploads\/Merci-coeur-1024x768.jpg 1024w, https:\/\/suisse-fibromyalgie.ch\/wp-content\/uploads\/Merci-coeur-300x225.jpg 300w, https:\/\/suisse-fibromyalgie.ch\/wp-content\/uploads\/Merci-coeur-768x576.jpg 768w, https:\/\/suisse-fibromyalgie.ch\/wp-content\/uploads\/Merci-coeur-16x12.jpg 16w, https:\/\/suisse-fibromyalgie.ch\/wp-content\/uploads\/Merci-coeur.jpg 1280w\" sizes=\"(max-width: 800px) 100vw, 800px\" \/>\t\t\t\t\t\t\t\t\t\t\t\t\t\t\t<\/div>\n\t\t\t\t<\/div>\n\t\t\t\t\t<\/div>\n\t\t<\/div>\n\t\t\t\t<div class=\"elementor-column elementor-col-50 elementor-top-column elementor-element elementor-element-14f0d85\" data-id=\"14f0d85\" data-element_type=\"column\" data-e-type=\"column\">\n\t\t\t<div class=\"elementor-widget-wrap elementor-element-populated\">\n\t\t\t\t\t\t<div class=\"elementor-element elementor-element-8db76a3 elementor-widget elementor-widget-text-editor\" data-id=\"8db76a3\" data-element_type=\"widget\" data-e-type=\"widget\" data-widget_type=\"text-editor.default\">\n\t\t\t\t<div class=\"elementor-widget-container\">\n\t\t\t\t\t\t\t\t\t<div id=\"rnw-solution-embed-fqvpb\" style=\"width: 100%; margin: 0 auto; max-width: 580px;\"><\/div>\n<script type=\"module\">\n  import {SolutionEmbed} from \"https:\/\/cdn.jsdelivr.net\/npm\/@raisenow\/solution-embed@1\/dist\/index.js\"\n  SolutionEmbed.render(\"#rnw-solution-embed-fqvpb\", {\n    \"url\": \"https:\/\/pay.raisenow.io\/fqvpb?lng=fr\",\n  })\n<\/script>\t\t\t\t\t\t\t\t<\/div>\n\t\t\t\t<\/div>\n\t\t\t\t\t<\/div>\n\t\t<\/div>\n\t\t\t\t\t<\/div>\n\t\t<\/section>\n\t\t\t\t<\/div>","protected":false},"excerpt":{"rendered":"<p>Votre contribution Est d&rsquo;une importance \u00e9norme pour l&rsquo;ASFM ! Il existe diff\u00e9rentes fa\u00e7ons dont vous pouvez personnellement vous engager pour soutenir l&rsquo;ASFM. Gr\u00e2ce \u00e0 votre soutien financier, vous nous permettez [&hellip;]<\/p>\n","protected":false},"author":1,"featured_media":0,"parent":0,"menu_order":0,"comment_status":"closed","ping_status":"closed","template":"","meta":{"footnotes":""},"class_list":["post-3670","page","type-page","status-publish","hentry"],"publishpress_future_action":{"enabled":false,"date":"2026-05-09 12:18:45","action":"change-status","newStatus":"draft","terms":[],"taxonomy":"","extraData":[]},"publishpress_future_workflow_manual_trigger":{"enabledWorkflows":[]},"_links":{"self":[{"href":"http:\/\/suisse-fibromyalgie.ch\/it\/wp-json\/wp\/v2\/pages\/3670","targetHints":{"allow":["GET"]}}],"collection":[{"href":"http:\/\/suisse-fibromyalgie.ch\/it\/wp-json\/wp\/v2\/pages"}],"about":[{"href":"http:\/\/suisse-fibromyalgie.ch\/it\/wp-json\/wp\/v2\/types\/page"}],"author":[{"embeddable":true,"href":"http:\/\/suisse-fibromyalgie.ch\/it\/wp-json\/wp\/v2\/users\/1"}],"replies":[{"embeddable":true,"href":"http:\/\/suisse-fibromyalgie.ch\/it\/wp-json\/wp\/v2\/comments?post=3670"}],"version-history":[{"count":21,"href":"http:\/\/suisse-fibromyalgie.ch\/it\/wp-json\/wp\/v2\/pages\/3670\/revisions"}],"predecessor-version":[{"id":8651,"href":"http:\/\/suisse-fibromyalgie.ch\/it\/wp-json\/wp\/v2\/pages\/3670\/revisions\/8651"}],"wp:attachment":[{"href":"http:\/\/suisse-fibromyalgie.ch\/it\/wp-json\/wp\/v2\/media?parent=3670"}],"curies":[{"name":"wp","href":"https:\/\/api.w.org\/{rel}","templated":true}]}}